{"id":6879,"date":"2026-04-22T07:37:06","date_gmt":"2026-04-22T07:37:06","guid":{"rendered":"https:\/\/cool-panini.185-226-232-135.plesk.page\/blog\/"},"modified":"2026-04-27T09:47:08","modified_gmt":"2026-04-27T09:47:08","slug":"blog","status":"publish","type":"page","link":"https:\/\/www.jender.es\/fr\/blog\/","title":{"rendered":"Blog"},"content":{"rendered":"\t\t<div data-elementor-type=\"wp-page\" data-elementor-id=\"6879\" class=\"elementor elementor-6879 elementor-6158\" data-elementor-post-type=\"page\">\n\t\t\t\t<div class=\"elementor-element elementor-element-04c0c01 e-flex e-con-boxed e-con e-parent\" data-id=\"04c0c01\" data-element_type=\"container\" data-e-type=\"container\">\n\t\t\t\t\t<div class=\"e-con-inner\">\n\t\t\t\t<div class=\"elementor-element elementor-element-fd55461 elementor-widget elementor-widget-heading\" data-id=\"fd55461\" data-element_type=\"widget\" data-e-type=\"widget\" data-widget_type=\"heading.default\">\n\t\t\t\t\t<h1 class=\"elementor-heading-title elementor-size-default\">Un blog pour les professionnels<\/h1>\t\t\t\t<\/div>\n\t\t\t\t\t<\/div>\n\t\t\t\t<\/div>\n\t\t<div class=\"elementor-element elementor-element-0425fa4 e-flex e-con-boxed e-con e-parent\" data-id=\"0425fa4\" data-element_type=\"container\" data-e-type=\"container\">\n\t\t\t\t\t<div class=\"e-con-inner\">\n\t\t\t\t<div class=\"elementor-element elementor-element-2c866ad elementor-nav-menu__align-center elementor-nav-menu--dropdown-tablet elementor-nav-menu__text-align-aside elementor-nav-menu--toggle elementor-nav-menu--burger elementor-widget elementor-widget-nav-menu\" data-id=\"2c866ad\" data-element_type=\"widget\" data-e-type=\"widget\" data-settings=\"{&quot;layout&quot;:&quot;horizontal&quot;,&quot;submenu_icon&quot;:{&quot;value&quot;:&quot;&lt;svg aria-hidden=\\&quot;true\\&quot; class=\\&quot;e-font-icon-svg e-fas-caret-down\\&quot; viewBox=\\&quot;0 0 320 512\\&quot; xmlns=\\&quot;http:\\\/\\\/www.w3.org\\\/2000\\\/svg\\&quot;&gt;&lt;path d=\\&quot;M31.3 192h257.3c17.8 0 26.7 21.5 14.1 34.1L174.1 354.8c-7.8 7.8-20.5 7.8-28.3 0L17.2 226.1C4.6 213.5 13.5 192 31.3 192z\\&quot;&gt;&lt;\\\/path&gt;&lt;\\\/svg&gt;&quot;,&quot;library&quot;:&quot;fa-solid&quot;},&quot;toggle&quot;:&quot;burger&quot;}\" data-widget_type=\"nav-menu.default\">\n\t\t\t\t\t\t\t\t<nav aria-label=\"Men\u00fa\" class=\"elementor-nav-menu--main elementor-nav-menu__container elementor-nav-menu--layout-horizontal e--pointer-underline e--animation-fade\">\n\t\t\t\t<ul id=\"menu-1-2c866ad\" class=\"elementor-nav-menu\"><li class=\"menu-item menu-item-type-taxonomy menu-item-object-category menu-item-6200\"><a href=\"https:\/\/www.jender.es\/blog\/category\/aire-comprimido\/\" class=\"elementor-item menu-link\">Aire comprimido<\/a><\/li>\n<li class=\"menu-item menu-item-type-taxonomy menu-item-object-category menu-item-6199\"><a href=\"https:\/\/www.jender.es\/blog\/category\/compresores-aire\/\" class=\"elementor-item menu-link\">Compresores de aire<\/a><\/li>\n<\/ul>\t\t\t<\/nav>\n\t\t\t\t\t<div class=\"elementor-menu-toggle\" role=\"button\" tabindex=\"0\" aria-label=\"Permuter le menu\" aria-expanded=\"false\">\n\t\t\t<svg aria-hidden=\"true\" role=\"presentation\" class=\"elementor-menu-toggle__icon--open e-font-icon-svg e-eicon-menu-bar\" viewBox=\"0 0 1000 1000\" xmlns=\"http:\/\/www.w3.org\/2000\/svg\"><path d=\"M104 333H896C929 333 958 304 958 271S929 208 896 208H104C71 208 42 237 42 271S71 333 104 333ZM104 583H896C929 583 958 554 958 521S929 458 896 458H104C71 458 42 487 42 521S71 583 104 583ZM104 833H896C929 833 958 804 958 771S929 708 896 708H104C71 708 42 737 42 771S71 833 104 833Z\"><\/path><\/svg><svg aria-hidden=\"true\" role=\"presentation\" class=\"elementor-menu-toggle__icon--close e-font-icon-svg e-eicon-close\" viewBox=\"0 0 1000 1000\" xmlns=\"http:\/\/www.w3.org\/2000\/svg\"><path d=\"M742 167L500 408 258 167C246 154 233 150 217 150 196 150 179 158 167 167 154 179 150 196 150 212 150 229 154 242 171 254L408 500 167 742C138 771 138 800 167 829 196 858 225 858 254 829L496 587 738 829C750 842 767 846 783 846 800 846 817 842 829 829 842 817 846 804 846 783 846 767 842 750 829 737L588 500 833 258C863 229 863 200 833 171 804 137 775 137 742 167Z\"><\/path><\/svg>\t\t<\/div>\n\t\t\t\t\t<nav class=\"elementor-nav-menu--dropdown elementor-nav-menu__container\" aria-hidden=\"true\">\n\t\t\t\t<ul id=\"menu-2-2c866ad\" class=\"elementor-nav-menu\"><li class=\"menu-item menu-item-type-taxonomy menu-item-object-category menu-item-6200\"><a href=\"https:\/\/www.jender.es\/blog\/category\/aire-comprimido\/\" class=\"elementor-item menu-link\" tabindex=\"-1\">Aire comprimido<\/a><\/li>\n<li class=\"menu-item menu-item-type-taxonomy menu-item-object-category menu-item-6199\"><a href=\"https:\/\/www.jender.es\/blog\/category\/compresores-aire\/\" class=\"elementor-item menu-link\" tabindex=\"-1\">Compresores de aire<\/a><\/li>\n<\/ul>\t\t\t<\/nav>\n\t\t\t\t\t\t<\/div>\n\t\t\t\t\t<\/div>\n\t\t\t\t<\/div>\n\t\t<div class=\"elementor-element elementor-element-22fea2a e-flex e-con-boxed e-con e-parent\" data-id=\"22fea2a\" data-element_type=\"container\" data-e-type=\"container\">\n\t\t\t\t\t<div class=\"e-con-inner\">\n\t\t<div class=\"elementor-element elementor-element-4badeed e-con-full e-flex e-con e-child\" data-id=\"4badeed\" data-element_type=\"container\" data-e-type=\"container\">\n\t\t\t\t<div class=\"elementor-element elementor-element-00c9e31 elementor-posts__hover-none elementor-grid-3 elementor-grid-tablet-2 elementor-grid-mobile-1 elementor-posts--thumbnail-top elementor-card-shadow-yes elementor-widget elementor-widget-posts\" data-id=\"00c9e31\" data-element_type=\"widget\" data-e-type=\"widget\" data-settings=\"{&quot;cards_row_gap&quot;:{&quot;unit&quot;:&quot;px&quot;,&quot;size&quot;:31,&quot;sizes&quot;:[]},&quot;cards_columns&quot;:&quot;3&quot;,&quot;cards_columns_tablet&quot;:&quot;2&quot;,&quot;cards_columns_mobile&quot;:&quot;1&quot;,&quot;cards_row_gap_tablet&quot;:{&quot;unit&quot;:&quot;px&quot;,&quot;size&quot;:&quot;&quot;,&quot;sizes&quot;:[]},&quot;cards_row_gap_mobile&quot;:{&quot;unit&quot;:&quot;px&quot;,&quot;size&quot;:&quot;&quot;,&quot;sizes&quot;:[]}}\" data-widget_type=\"posts.cards\">\n\t\t\t\t<div class=\"elementor-widget-container\">\n\t\t\t\t\t\t\t<div class=\"elementor-posts-container elementor-posts elementor-posts--skin-cards elementor-grid\" role=\"list\">\n\t\t\t\t<article class=\"elementor-post elementor-grid-item post-6847 post type-post status-publish format-standard has-post-thumbnail hentry category-compresseurs-dair\" role=\"listitem\">\n\t\t\t<div class=\"elementor-post__card\">\n\t\t\t\t<a class=\"elementor-post__thumbnail__link\" href=\"https:\/\/www.jender.es\/fr\/blog\/compresseurs-dair\/fonctionnement-dun-compresseur-a-piston-cycle-etapes-et-performances-reelles\/\" tabindex=\"-1\" ><div class=\"elementor-post__thumbnail\"><img fetchpriority=\"high\" decoding=\"async\" width=\"1344\" height=\"768\" src=\"https:\/\/www.jender.es\/wp-content\/uploads\/2026\/04\/Compresor-de-piston-funcionamiento.png\" class=\"attachment-full size-full wp-image-6849\" alt=\"Fonctionnement d\u2019un compresseur \u00e0 piston\" srcset=\"https:\/\/www.jender.es\/wp-content\/uploads\/2026\/04\/Compresor-de-piston-funcionamiento.png 1344w, https:\/\/www.jender.es\/wp-content\/uploads\/2026\/04\/Compresor-de-piston-funcionamiento-300x171.png 300w, https:\/\/www.jender.es\/wp-content\/uploads\/2026\/04\/Compresor-de-piston-funcionamiento-1024x585.png 1024w, https:\/\/www.jender.es\/wp-content\/uploads\/2026\/04\/Compresor-de-piston-funcionamiento-768x439.png 768w, https:\/\/www.jender.es\/wp-content\/uploads\/2026\/04\/Compresor-de-piston-funcionamiento-600x343.png 600w, https:\/\/www.jender.es\/wp-content\/uploads\/2026\/04\/Compresor-de-piston-funcionamiento-64x37.png 64w\" sizes=\"(max-width: 1344px) 100vw, 1344px\" \/><\/div><\/a>\n\t\t\t\t<div class=\"elementor-post__text\">\n\t\t\t\t<h2 class=\"elementor-post__title\">\n\t\t\t<a href=\"https:\/\/www.jender.es\/fr\/blog\/compresseurs-dair\/fonctionnement-dun-compresseur-a-piston-cycle-etapes-et-performances-reelles\/\" >\n\t\t\t\tFonctionnement d\u2019un compresseur \u00e0 piston : cycle, \u00e9tapes et performances r\u00e9elles\t\t\t<\/a>\n\t\t<\/h2>\n\t\t\n\t\t<a class=\"elementor-post__read-more\" href=\"https:\/\/www.jender.es\/fr\/blog\/compresseurs-dair\/fonctionnement-dun-compresseur-a-piston-cycle-etapes-et-performances-reelles\/\" aria-label=\"En savoir plus sur Fonctionnement d\u2019un compresseur \u00e0 piston : cycle, \u00e9tapes et performances r\u00e9elles\" tabindex=\"-1\" >\n\t\t\tLire la suite \u00bb\t\t<\/a>\n\n\t\t\t\t<\/div>\n\t\t\t\t\t<\/div>\n\t\t<\/article>\n\t\t\t\t<article class=\"elementor-post elementor-grid-item post-7000 post type-post status-publish format-standard has-post-thumbnail hentry category-compresseurs-dair\" role=\"listitem\">\n\t\t\t<div class=\"elementor-post__card\">\n\t\t\t\t<a class=\"elementor-post__thumbnail__link\" href=\"https:\/\/www.jender.es\/fr\/blog\/compresseurs-dair\/types-de-compresseurs-dair-lesquels-existent-et-quand-choisir-chacun\/\" tabindex=\"-1\" ><div class=\"elementor-post__thumbnail\"><img decoding=\"async\" width=\"1344\" height=\"768\" src=\"https:\/\/www.jender.es\/wp-content\/uploads\/2026\/04\/compresores-de-aire-de-tornillo.png\" class=\"attachment-full size-full wp-image-7001\" alt=\"compresseurs d&#039;air \u00e0 vis\" srcset=\"https:\/\/www.jender.es\/wp-content\/uploads\/2026\/04\/compresores-de-aire-de-tornillo.png 1344w, https:\/\/www.jender.es\/wp-content\/uploads\/2026\/04\/compresores-de-aire-de-tornillo-300x171.png 300w, https:\/\/www.jender.es\/wp-content\/uploads\/2026\/04\/compresores-de-aire-de-tornillo-1024x585.png 1024w, https:\/\/www.jender.es\/wp-content\/uploads\/2026\/04\/compresores-de-aire-de-tornillo-768x439.png 768w, https:\/\/www.jender.es\/wp-content\/uploads\/2026\/04\/compresores-de-aire-de-tornillo-600x343.png 600w, https:\/\/www.jender.es\/wp-content\/uploads\/2026\/04\/compresores-de-aire-de-tornillo-64x37.png 64w\" sizes=\"(max-width: 1344px) 100vw, 1344px\" \/><\/div><\/a>\n\t\t\t\t<div class=\"elementor-post__text\">\n\t\t\t\t<h2 class=\"elementor-post__title\">\n\t\t\t<a href=\"https:\/\/www.jender.es\/fr\/blog\/compresseurs-dair\/types-de-compresseurs-dair-lesquels-existent-et-quand-choisir-chacun\/\" >\n\t\t\t\tTypes de compresseurs d&rsquo;air : lesquels existent et quand choisir chacun\t\t\t<\/a>\n\t\t<\/h2>\n\t\t\n\t\t<a class=\"elementor-post__read-more\" href=\"https:\/\/www.jender.es\/fr\/blog\/compresseurs-dair\/types-de-compresseurs-dair-lesquels-existent-et-quand-choisir-chacun\/\" aria-label=\"En savoir plus sur Types de compresseurs d&rsquo;air : lesquels existent et quand choisir chacun\" tabindex=\"-1\" >\n\t\t\tLire la suite \u00bb\t\t<\/a>\n\n\t\t\t\t<\/div>\n\t\t\t\t\t<\/div>\n\t\t<\/article>\n\t\t\t\t<article class=\"elementor-post elementor-grid-item post-6976 post type-post status-publish format-standard has-post-thumbnail hentry category-compresseurs-dair\" role=\"listitem\">\n\t\t\t<div class=\"elementor-post__card\">\n\t\t\t\t<a class=\"elementor-post__thumbnail__link\" href=\"https:\/\/www.jender.es\/fr\/blog\/compresseurs-dair\/types-de-compresseurs-a-pistons-lequel-correspond-a-votre-utilisation\/\" tabindex=\"-1\" ><div class=\"elementor-post__thumbnail\"><img decoding=\"async\" width=\"1344\" height=\"768\" src=\"https:\/\/www.jender.es\/wp-content\/uploads\/2026\/04\/compresor-de-piston-jender.png\" class=\"attachment-full size-full wp-image-6977\" alt=\"types de compresseurs \u00e0 pistons\" srcset=\"https:\/\/www.jender.es\/wp-content\/uploads\/2026\/04\/compresor-de-piston-jender.png 1344w, https:\/\/www.jender.es\/wp-content\/uploads\/2026\/04\/compresor-de-piston-jender-300x171.png 300w, https:\/\/www.jender.es\/wp-content\/uploads\/2026\/04\/compresor-de-piston-jender-1024x585.png 1024w, https:\/\/www.jender.es\/wp-content\/uploads\/2026\/04\/compresor-de-piston-jender-768x439.png 768w, https:\/\/www.jender.es\/wp-content\/uploads\/2026\/04\/compresor-de-piston-jender-600x343.png 600w, https:\/\/www.jender.es\/wp-content\/uploads\/2026\/04\/compresor-de-piston-jender-64x37.png 64w\" sizes=\"(max-width: 1344px) 100vw, 1344px\" \/><\/div><\/a>\n\t\t\t\t<div class=\"elementor-post__text\">\n\t\t\t\t<h2 class=\"elementor-post__title\">\n\t\t\t<a href=\"https:\/\/www.jender.es\/fr\/blog\/compresseurs-dair\/types-de-compresseurs-a-pistons-lequel-correspond-a-votre-utilisation\/\" >\n\t\t\t\tTypes de compresseurs \u00e0 pistons : lequel correspond \u00e0 votre utilisation\t\t\t<\/a>\n\t\t<\/h2>\n\t\t\n\t\t<a class=\"elementor-post__read-more\" href=\"https:\/\/www.jender.es\/fr\/blog\/compresseurs-dair\/types-de-compresseurs-a-pistons-lequel-correspond-a-votre-utilisation\/\" aria-label=\"En savoir plus sur Types de compresseurs \u00e0 pistons : lequel correspond \u00e0 votre utilisation\" tabindex=\"-1\" >\n\t\t\tLire la suite \u00bb\t\t<\/a>\n\n\t\t\t\t<\/div>\n\t\t\t\t\t<\/div>\n\t\t<\/article>\n\t\t\t\t<article class=\"elementor-post elementor-grid-item post-6864 post type-post status-publish format-standard has-post-thumbnail hentry category-compresseurs-dair\" role=\"listitem\">\n\t\t\t<div class=\"elementor-post__card\">\n\t\t\t\t<a class=\"elementor-post__thumbnail__link\" href=\"https:\/\/www.jender.es\/fr\/blog\/compresseurs-dair\/types-de-compresseurs-a-vis-comment-choisir-en-fonction-de-votre-installation\/\" tabindex=\"-1\" ><div class=\"elementor-post__thumbnail\"><img loading=\"lazy\" decoding=\"async\" width=\"1344\" height=\"768\" src=\"https:\/\/www.jender.es\/wp-content\/uploads\/2026\/04\/compresor-de-aire-de-tornillo.png\" class=\"attachment-full size-full wp-image-6865\" alt=\"types de compresseurs d\u2019air \u00e0 vis\" srcset=\"https:\/\/www.jender.es\/wp-content\/uploads\/2026\/04\/compresor-de-aire-de-tornillo.png 1344w, https:\/\/www.jender.es\/wp-content\/uploads\/2026\/04\/compresor-de-aire-de-tornillo-300x171.png 300w, https:\/\/www.jender.es\/wp-content\/uploads\/2026\/04\/compresor-de-aire-de-tornillo-1024x585.png 1024w, https:\/\/www.jender.es\/wp-content\/uploads\/2026\/04\/compresor-de-aire-de-tornillo-768x439.png 768w, https:\/\/www.jender.es\/wp-content\/uploads\/2026\/04\/compresor-de-aire-de-tornillo-600x343.png 600w, https:\/\/www.jender.es\/wp-content\/uploads\/2026\/04\/compresor-de-aire-de-tornillo-64x37.png 64w\" sizes=\"(max-width: 1344px) 100vw, 1344px\" \/><\/div><\/a>\n\t\t\t\t<div class=\"elementor-post__text\">\n\t\t\t\t<h2 class=\"elementor-post__title\">\n\t\t\t<a href=\"https:\/\/www.jender.es\/fr\/blog\/compresseurs-dair\/types-de-compresseurs-a-vis-comment-choisir-en-fonction-de-votre-installation\/\" >\n\t\t\t\tTypes de compresseurs \u00e0 vis : comment choisir en fonction de votre installation\t\t\t<\/a>\n\t\t<\/h2>\n\t\t\n\t\t<a class=\"elementor-post__read-more\" href=\"https:\/\/www.jender.es\/fr\/blog\/compresseurs-dair\/types-de-compresseurs-a-vis-comment-choisir-en-fonction-de-votre-installation\/\" aria-label=\"En savoir plus sur Types de compresseurs \u00e0 vis : comment choisir en fonction de votre installation\" tabindex=\"-1\" >\n\t\t\tLire la suite \u00bb\t\t<\/a>\n\n\t\t\t\t<\/div>\n\t\t\t\t\t<\/div>\n\t\t<\/article>\n\t\t\t\t<article class=\"elementor-post elementor-grid-item post-6868 post type-post status-publish format-standard has-post-thumbnail hentry category-compresseurs-dair\" role=\"listitem\">\n\t\t\t<div class=\"elementor-post__card\">\n\t\t\t\t<a class=\"elementor-post__thumbnail__link\" href=\"https:\/\/www.jender.es\/fr\/blog\/compresseurs-dair\/comment-savoir-si-votre-compresseur-dair-est-endommage-symptomes-et-diagnostic\/\" tabindex=\"-1\" ><div class=\"elementor-post__thumbnail\"><img loading=\"lazy\" decoding=\"async\" width=\"1344\" height=\"768\" src=\"https:\/\/www.jender.es\/wp-content\/uploads\/2026\/04\/como-saber-si-el-compresor-esta-danado.webp\" class=\"attachment-full size-full wp-image-6871\" alt=\"\" srcset=\"https:\/\/www.jender.es\/wp-content\/uploads\/2026\/04\/como-saber-si-el-compresor-esta-danado.webp 1344w, https:\/\/www.jender.es\/wp-content\/uploads\/2026\/04\/como-saber-si-el-compresor-esta-danado-300x171.webp 300w, https:\/\/www.jender.es\/wp-content\/uploads\/2026\/04\/como-saber-si-el-compresor-esta-danado-1024x585.webp 1024w, https:\/\/www.jender.es\/wp-content\/uploads\/2026\/04\/como-saber-si-el-compresor-esta-danado-768x439.webp 768w, https:\/\/www.jender.es\/wp-content\/uploads\/2026\/04\/como-saber-si-el-compresor-esta-danado-600x343.webp 600w, https:\/\/www.jender.es\/wp-content\/uploads\/2026\/04\/como-saber-si-el-compresor-esta-danado-64x37.webp 64w\" sizes=\"(max-width: 1344px) 100vw, 1344px\" \/><\/div><\/a>\n\t\t\t\t<div class=\"elementor-post__text\">\n\t\t\t\t<h2 class=\"elementor-post__title\">\n\t\t\t<a href=\"https:\/\/www.jender.es\/fr\/blog\/compresseurs-dair\/comment-savoir-si-votre-compresseur-dair-est-endommage-symptomes-et-diagnostic\/\" >\n\t\t\t\tComment savoir si votre compresseur d\u2019air est endommag\u00e9 : sympt\u00f4mes et diagnostic\t\t\t<\/a>\n\t\t<\/h2>\n\t\t\n\t\t<a class=\"elementor-post__read-more\" href=\"https:\/\/www.jender.es\/fr\/blog\/compresseurs-dair\/comment-savoir-si-votre-compresseur-dair-est-endommage-symptomes-et-diagnostic\/\" aria-label=\"En savoir plus sur Comment savoir si votre compresseur d\u2019air est endommag\u00e9 : sympt\u00f4mes et diagnostic\" tabindex=\"-1\" >\n\t\t\tLire la suite \u00bb\t\t<\/a>\n\n\t\t\t\t<\/div>\n\t\t\t\t\t<\/div>\n\t\t<\/article>\n\t\t\t\t<article class=\"elementor-post elementor-grid-item post-6965 post type-post status-publish format-standard has-post-thumbnail hentry category-compresseurs-dair\" role=\"listitem\">\n\t\t\t<div class=\"elementor-post__card\">\n\t\t\t\t<a class=\"elementor-post__thumbnail__link\" href=\"https:\/\/www.jender.es\/fr\/blog\/compresseurs-dair\/comment-choisir-un-compresseur-dair-guide-pratique-etape-par-etape\/\" tabindex=\"-1\" ><div class=\"elementor-post__thumbnail\"><img loading=\"lazy\" decoding=\"async\" width=\"1344\" height=\"768\" src=\"https:\/\/www.jender.es\/wp-content\/uploads\/2026\/04\/Compresor-de-aire-para-ruedas-.webp\" class=\"attachment-full size-full wp-image-6966\" alt=\"comment choisir compresseur d&#039;air||Choisir compresseur pour gonfler des pneus\" srcset=\"https:\/\/www.jender.es\/wp-content\/uploads\/2026\/04\/Compresor-de-aire-para-ruedas-.webp 1344w, https:\/\/www.jender.es\/wp-content\/uploads\/2026\/04\/Compresor-de-aire-para-ruedas--300x171.webp 300w, https:\/\/www.jender.es\/wp-content\/uploads\/2026\/04\/Compresor-de-aire-para-ruedas--1024x585.webp 1024w, https:\/\/www.jender.es\/wp-content\/uploads\/2026\/04\/Compresor-de-aire-para-ruedas--768x439.webp 768w, https:\/\/www.jender.es\/wp-content\/uploads\/2026\/04\/Compresor-de-aire-para-ruedas--600x343.webp 600w, https:\/\/www.jender.es\/wp-content\/uploads\/2026\/04\/Compresor-de-aire-para-ruedas--64x37.webp 64w\" sizes=\"(max-width: 1344px) 100vw, 1344px\" \/><\/div><\/a>\n\t\t\t\t<div class=\"elementor-post__text\">\n\t\t\t\t<h2 class=\"elementor-post__title\">\n\t\t\t<a href=\"https:\/\/www.jender.es\/fr\/blog\/compresseurs-dair\/comment-choisir-un-compresseur-dair-guide-pratique-etape-par-etape\/\" >\n\t\t\t\tComment choisir un compresseur d&rsquo;air : guide pratique \u00e9tape par \u00e9tape\t\t\t<\/a>\n\t\t<\/h2>\n\t\t\n\t\t<a class=\"elementor-post__read-more\" href=\"https:\/\/www.jender.es\/fr\/blog\/compresseurs-dair\/comment-choisir-un-compresseur-dair-guide-pratique-etape-par-etape\/\" aria-label=\"En savoir plus sur Comment choisir un compresseur d&rsquo;air : guide pratique \u00e9tape par \u00e9tape\" tabindex=\"-1\" >\n\t\t\tLire la suite \u00bb\t\t<\/a>\n\n\t\t\t\t<\/div>\n\t\t\t\t\t<\/div>\n\t\t<\/article>\n\t\t\t\t<article class=\"elementor-post elementor-grid-item post-6905 post type-post status-publish format-standard has-post-thumbnail hentry category-compresseurs-dair\" role=\"listitem\">\n\t\t\t<div class=\"elementor-post__card\">\n\t\t\t\t<a class=\"elementor-post__thumbnail__link\" href=\"https:\/\/www.jender.es\/fr\/blog\/compresseurs-dair\/a-quoi-sert-un-compresseur-dair-et-quand-en-avez-vous-besoin\/\" tabindex=\"-1\" ><div class=\"elementor-post__thumbnail\"><img loading=\"lazy\" decoding=\"async\" width=\"1344\" height=\"768\" src=\"https:\/\/www.jender.es\/wp-content\/uploads\/2026\/04\/compresor-de-aire-jender.webp\" class=\"attachment-full size-full wp-image-6906\" alt=\"compresseur d&#039;air Jender|compresseur d&#039;air \u00e0 vis Jender dans une usine|Compresseur d&#039;air pour l&#039;industrie\" srcset=\"https:\/\/www.jender.es\/wp-content\/uploads\/2026\/04\/compresor-de-aire-jender.webp 1344w, https:\/\/www.jender.es\/wp-content\/uploads\/2026\/04\/compresor-de-aire-jender-300x171.webp 300w, https:\/\/www.jender.es\/wp-content\/uploads\/2026\/04\/compresor-de-aire-jender-1024x585.webp 1024w, https:\/\/www.jender.es\/wp-content\/uploads\/2026\/04\/compresor-de-aire-jender-768x439.webp 768w, https:\/\/www.jender.es\/wp-content\/uploads\/2026\/04\/compresor-de-aire-jender-600x343.webp 600w, https:\/\/www.jender.es\/wp-content\/uploads\/2026\/04\/compresor-de-aire-jender-64x37.webp 64w\" sizes=\"(max-width: 1344px) 100vw, 1344px\" \/><\/div><\/a>\n\t\t\t\t<div class=\"elementor-post__text\">\n\t\t\t\t<h2 class=\"elementor-post__title\">\n\t\t\t<a href=\"https:\/\/www.jender.es\/fr\/blog\/compresseurs-dair\/a-quoi-sert-un-compresseur-dair-et-quand-en-avez-vous-besoin\/\" >\n\t\t\t\t\u00c0 quoi sert un compresseur d&rsquo;air et quand en avez-vous besoin\t\t\t<\/a>\n\t\t<\/h2>\n\t\t\n\t\t<a class=\"elementor-post__read-more\" href=\"https:\/\/www.jender.es\/fr\/blog\/compresseurs-dair\/a-quoi-sert-un-compresseur-dair-et-quand-en-avez-vous-besoin\/\" aria-label=\"En savoir plus sur \u00c0 quoi sert un compresseur d&rsquo;air et quand en avez-vous besoin\" tabindex=\"-1\" >\n\t\t\tLire la suite \u00bb\t\t<\/a>\n\n\t\t\t\t<\/div>\n\t\t\t\t\t<\/div>\n\t\t<\/article>\n\t\t\t\t<article class=\"elementor-post elementor-grid-item post-6926 post type-post status-publish format-standard has-post-thumbnail hentry category-compresseurs-dair\" role=\"listitem\">\n\t\t\t<div class=\"elementor-post__card\">\n\t\t\t\t<a class=\"elementor-post__thumbnail__link\" href=\"https:\/\/www.jender.es\/fr\/blog\/compresseurs-dair\/quest-ce-quun-compresseur-dair-fonctionnement-composants-et-types\/\" tabindex=\"-1\" ><div class=\"elementor-post__thumbnail\"><img loading=\"lazy\" decoding=\"async\" width=\"1344\" height=\"768\" src=\"https:\/\/www.jender.es\/wp-content\/uploads\/2026\/04\/Compresor-de-aire-para-taller.webp\" class=\"attachment-full size-full wp-image-6928\" alt=\"qu\u2019est-ce qu\u2019un compresseur d\u2019air||\" srcset=\"https:\/\/www.jender.es\/wp-content\/uploads\/2026\/04\/Compresor-de-aire-para-taller.webp 1344w, https:\/\/www.jender.es\/wp-content\/uploads\/2026\/04\/Compresor-de-aire-para-taller-300x171.webp 300w, https:\/\/www.jender.es\/wp-content\/uploads\/2026\/04\/Compresor-de-aire-para-taller-1024x585.webp 1024w, https:\/\/www.jender.es\/wp-content\/uploads\/2026\/04\/Compresor-de-aire-para-taller-768x439.webp 768w, https:\/\/www.jender.es\/wp-content\/uploads\/2026\/04\/Compresor-de-aire-para-taller-600x343.webp 600w, https:\/\/www.jender.es\/wp-content\/uploads\/2026\/04\/Compresor-de-aire-para-taller-64x37.webp 64w\" sizes=\"(max-width: 1344px) 100vw, 1344px\" \/><\/div><\/a>\n\t\t\t\t<div class=\"elementor-post__text\">\n\t\t\t\t<h2 class=\"elementor-post__title\">\n\t\t\t<a href=\"https:\/\/www.jender.es\/fr\/blog\/compresseurs-dair\/quest-ce-quun-compresseur-dair-fonctionnement-composants-et-types\/\" >\n\t\t\t\tQu\u2019est-ce qu\u2019un compresseur d\u2019air : fonctionnement, composants et types\t\t\t<\/a>\n\t\t<\/h2>\n\t\t\n\t\t<a class=\"elementor-post__read-more\" href=\"https:\/\/www.jender.es\/fr\/blog\/compresseurs-dair\/quest-ce-quun-compresseur-dair-fonctionnement-composants-et-types\/\" aria-label=\"En savoir plus sur Qu\u2019est-ce qu\u2019un compresseur d\u2019air : fonctionnement, composants et types\" tabindex=\"-1\" >\n\t\t\tLire la suite \u00bb\t\t<\/a>\n\n\t\t\t\t<\/div>\n\t\t\t\t\t<\/div>\n\t\t<\/article>\n\t\t\t\t<article class=\"elementor-post elementor-grid-item post-6924 post type-post status-publish format-standard has-post-thumbnail hentry category-compresseurs-dair\" role=\"listitem\">\n\t\t\t<div class=\"elementor-post__card\">\n\t\t\t\t<a class=\"elementor-post__thumbnail__link\" href=\"https:\/\/www.jender.es\/fr\/blog\/compresseurs-dair\/compresseur-a-vis-quest-ce-que-cest-comment-ca-fonctionne-et-quand-est-ce-votre-meilleure-option\/\" tabindex=\"-1\" ><div class=\"elementor-post__thumbnail\"><img loading=\"lazy\" decoding=\"async\" width=\"1344\" height=\"768\" src=\"https:\/\/www.jender.es\/wp-content\/uploads\/2026\/04\/Compresor-de-tornillo-que-es.webp\" class=\"attachment-full size-full wp-image-6925\" alt=\"compresseur \u00e0 vis blizzcool|compresseur \u00e0 vis dans une usine|qu\u2019est-ce qu\u2019un compresseur \u00e0 vis\" srcset=\"https:\/\/www.jender.es\/wp-content\/uploads\/2026\/04\/Compresor-de-tornillo-que-es.webp 1344w, https:\/\/www.jender.es\/wp-content\/uploads\/2026\/04\/Compresor-de-tornillo-que-es-300x171.webp 300w, https:\/\/www.jender.es\/wp-content\/uploads\/2026\/04\/Compresor-de-tornillo-que-es-1024x585.webp 1024w, https:\/\/www.jender.es\/wp-content\/uploads\/2026\/04\/Compresor-de-tornillo-que-es-768x439.webp 768w, https:\/\/www.jender.es\/wp-content\/uploads\/2026\/04\/Compresor-de-tornillo-que-es-600x343.webp 600w, https:\/\/www.jender.es\/wp-content\/uploads\/2026\/04\/Compresor-de-tornillo-que-es-64x37.webp 64w\" sizes=\"(max-width: 1344px) 100vw, 1344px\" \/><\/div><\/a>\n\t\t\t\t<div class=\"elementor-post__text\">\n\t\t\t\t<h2 class=\"elementor-post__title\">\n\t\t\t<a href=\"https:\/\/www.jender.es\/fr\/blog\/compresseurs-dair\/compresseur-a-vis-quest-ce-que-cest-comment-ca-fonctionne-et-quand-est-ce-votre-meilleure-option\/\" >\n\t\t\t\tCompresseur \u00e0 vis : qu\u2019est-ce que c\u2019est, comment \u00e7a fonctionne et quand est-ce votre meilleure option\t\t\t<\/a>\n\t\t<\/h2>\n\t\t\n\t\t<a class=\"elementor-post__read-more\" href=\"https:\/\/www.jender.es\/fr\/blog\/compresseurs-dair\/compresseur-a-vis-quest-ce-que-cest-comment-ca-fonctionne-et-quand-est-ce-votre-meilleure-option\/\" aria-label=\"En savoir plus sur Compresseur \u00e0 vis : qu\u2019est-ce que c\u2019est, comment \u00e7a fonctionne et quand est-ce votre meilleure option\" tabindex=\"-1\" >\n\t\t\tLire la suite \u00bb\t\t<\/a>\n\n\t\t\t\t<\/div>\n\t\t\t\t\t<\/div>\n\t\t<\/article>\n\t\t\t\t<article class=\"elementor-post elementor-grid-item post-6993 post type-post status-publish format-standard has-post-thumbnail hentry category-compresseurs-dair\" role=\"listitem\">\n\t\t\t<div class=\"elementor-post__card\">\n\t\t\t\t<a class=\"elementor-post__thumbnail__link\" href=\"https:\/\/www.jender.es\/fr\/blog\/compresseurs-dair\/les-compresseurs-a-vis-et-a-pistons-sont-ils-identiques-en-quoi-different-ils-nous-vous-expliquons-tout\/\" tabindex=\"-1\" ><div class=\"elementor-post__thumbnail\"><img loading=\"lazy\" decoding=\"async\" width=\"1600\" height=\"1600\" src=\"https:\/\/www.jender.es\/wp-content\/uploads\/2026\/04\/COMPRESOR-DE-PISTON-1.jpeg\" class=\"attachment-full size-full wp-image-6944\" alt=\"compresseur \u00e0 pistons\" srcset=\"https:\/\/www.jender.es\/wp-content\/uploads\/2026\/04\/COMPRESOR-DE-PISTON-1.jpeg 1600w, https:\/\/www.jender.es\/wp-content\/uploads\/2026\/04\/COMPRESOR-DE-PISTON-1-300x300.jpeg 300w, https:\/\/www.jender.es\/wp-content\/uploads\/2026\/04\/COMPRESOR-DE-PISTON-1-1024x1024.jpeg 1024w, https:\/\/www.jender.es\/wp-content\/uploads\/2026\/04\/COMPRESOR-DE-PISTON-1-150x150.jpeg 150w, https:\/\/www.jender.es\/wp-content\/uploads\/2026\/04\/COMPRESOR-DE-PISTON-1-768x768.jpeg 768w, https:\/\/www.jender.es\/wp-content\/uploads\/2026\/04\/COMPRESOR-DE-PISTON-1-1536x1536.jpeg 1536w, https:\/\/www.jender.es\/wp-content\/uploads\/2026\/04\/COMPRESOR-DE-PISTON-1-600x600.jpeg 600w, https:\/\/www.jender.es\/wp-content\/uploads\/2026\/04\/COMPRESOR-DE-PISTON-1-100x100.jpeg 100w, https:\/\/www.jender.es\/wp-content\/uploads\/2026\/04\/COMPRESOR-DE-PISTON-1-64x64.jpeg 64w\" sizes=\"(max-width: 1600px) 100vw, 1600px\" \/><\/div><\/a>\n\t\t\t\t<div class=\"elementor-post__text\">\n\t\t\t\t<h2 class=\"elementor-post__title\">\n\t\t\t<a href=\"https:\/\/www.jender.es\/fr\/blog\/compresseurs-dair\/les-compresseurs-a-vis-et-a-pistons-sont-ils-identiques-en-quoi-different-ils-nous-vous-expliquons-tout\/\" >\n\t\t\t\tLes compresseurs \u00e0 vis et \u00e0 pistons sont-ils identiques ? En quoi diff\u00e8rent-ils ? Nous vous expliquons tout\t\t\t<\/a>\n\t\t<\/h2>\n\t\t\n\t\t<a class=\"elementor-post__read-more\" href=\"https:\/\/www.jender.es\/fr\/blog\/compresseurs-dair\/les-compresseurs-a-vis-et-a-pistons-sont-ils-identiques-en-quoi-different-ils-nous-vous-expliquons-tout\/\" aria-label=\"En savoir plus sur Les compresseurs \u00e0 vis et \u00e0 pistons sont-ils identiques ? En quoi diff\u00e8rent-ils ? Nous vous expliquons tout\" tabindex=\"-1\" >\n\t\t\tLire la suite \u00bb\t\t<\/a>\n\n\t\t\t\t<\/div>\n\t\t\t\t\t<\/div>\n\t\t<\/article>\n\t\t\t\t<article class=\"elementor-post elementor-grid-item post-6995 post type-post status-publish format-standard has-post-thumbnail hentry category-air-comprime\" role=\"listitem\">\n\t\t\t<div class=\"elementor-post__card\">\n\t\t\t\t<a class=\"elementor-post__thumbnail__link\" href=\"https:\/\/www.jender.es\/fr\/blog\/air-comprime\/comment-detecter-les-fuites-dair-comprime-et-reduire-le-gaspillage-denergie\/\" tabindex=\"-1\" ><div class=\"elementor-post__thumbnail\"><img loading=\"lazy\" decoding=\"async\" width=\"1024\" height=\"1024\" src=\"https:\/\/www.jender.es\/wp-content\/uploads\/2026\/04\/detectar-y-reparar-fugas-de-aire-comprimido.webp\" class=\"attachment-full size-full wp-image-6996\" alt=\"d\u00e9tecter et r\u00e9parer les fuites\" srcset=\"https:\/\/www.jender.es\/wp-content\/uploads\/2026\/04\/detectar-y-reparar-fugas-de-aire-comprimido.webp 1024w, https:\/\/www.jender.es\/wp-content\/uploads\/2026\/04\/detectar-y-reparar-fugas-de-aire-comprimido-300x300.webp 300w, https:\/\/www.jender.es\/wp-content\/uploads\/2026\/04\/detectar-y-reparar-fugas-de-aire-comprimido-150x150.webp 150w, https:\/\/www.jender.es\/wp-content\/uploads\/2026\/04\/detectar-y-reparar-fugas-de-aire-comprimido-768x768.webp 768w, https:\/\/www.jender.es\/wp-content\/uploads\/2026\/04\/detectar-y-reparar-fugas-de-aire-comprimido-600x600.webp 600w, https:\/\/www.jender.es\/wp-content\/uploads\/2026\/04\/detectar-y-reparar-fugas-de-aire-comprimido-100x100.webp 100w, https:\/\/www.jender.es\/wp-content\/uploads\/2026\/04\/detectar-y-reparar-fugas-de-aire-comprimido-64x64.webp 64w\" sizes=\"(max-width: 1024px) 100vw, 1024px\" \/><\/div><\/a>\n\t\t\t\t<div class=\"elementor-post__text\">\n\t\t\t\t<h2 class=\"elementor-post__title\">\n\t\t\t<a href=\"https:\/\/www.jender.es\/fr\/blog\/air-comprime\/comment-detecter-les-fuites-dair-comprime-et-reduire-le-gaspillage-denergie\/\" >\n\t\t\t\tComment d\u00e9tecter les fuites d\u2019air comprim\u00e9 et r\u00e9duire le gaspillage d\u2019\u00e9nergie\t\t\t<\/a>\n\t\t<\/h2>\n\t\t\n\t\t<a class=\"elementor-post__read-more\" href=\"https:\/\/www.jender.es\/fr\/blog\/air-comprime\/comment-detecter-les-fuites-dair-comprime-et-reduire-le-gaspillage-denergie\/\" aria-label=\"En savoir plus sur Comment d\u00e9tecter les fuites d\u2019air comprim\u00e9 et r\u00e9duire le gaspillage d\u2019\u00e9nergie\" tabindex=\"-1\" >\n\t\t\tLire la suite \u00bb\t\t<\/a>\n\n\t\t\t\t<\/div>\n\t\t\t\t\t<\/div>\n\t\t<\/article>\n\t\t\t\t<article class=\"elementor-post elementor-grid-item post-7003 post type-post status-publish format-standard has-post-thumbnail hentry category-air-comprime\" role=\"listitem\">\n\t\t\t<div class=\"elementor-post__card\">\n\t\t\t\t<a class=\"elementor-post__thumbnail__link\" href=\"https:\/\/www.jender.es\/fr\/blog\/air-comprime\/purgeur-dair-comprime-tout-ce-que-vous-devez-savoir\/\" tabindex=\"-1\" ><div class=\"elementor-post__thumbnail\"><img loading=\"lazy\" decoding=\"async\" width=\"420\" height=\"499\" src=\"https:\/\/www.jender.es\/wp-content\/uploads\/2026\/04\/purgas-jender-tratamiento-aire-removebg-preview.png\" class=\"attachment-full size-full wp-image-7004\" alt=\"\" srcset=\"https:\/\/www.jender.es\/wp-content\/uploads\/2026\/04\/purgas-jender-tratamiento-aire-removebg-preview.png 420w, https:\/\/www.jender.es\/wp-content\/uploads\/2026\/04\/purgas-jender-tratamiento-aire-removebg-preview-64x76.png 64w, https:\/\/www.jender.es\/wp-content\/uploads\/2026\/04\/purgas-jender-tratamiento-aire-removebg-preview-253x300.png 253w\" sizes=\"(max-width: 420px) 100vw, 420px\" \/><\/div><\/a>\n\t\t\t\t<div class=\"elementor-post__text\">\n\t\t\t\t<h2 class=\"elementor-post__title\">\n\t\t\t<a href=\"https:\/\/www.jender.es\/fr\/blog\/air-comprime\/purgeur-dair-comprime-tout-ce-que-vous-devez-savoir\/\" >\n\t\t\t\tPurgeur d\u2019air comprim\u00e9 : tout ce que vous devez savoir\t\t\t<\/a>\n\t\t<\/h2>\n\t\t\n\t\t<a class=\"elementor-post__read-more\" href=\"https:\/\/www.jender.es\/fr\/blog\/air-comprime\/purgeur-dair-comprime-tout-ce-que-vous-devez-savoir\/\" aria-label=\"En savoir plus sur Purgeur d\u2019air comprim\u00e9 : tout ce que vous devez savoir\" tabindex=\"-1\" >\n\t\t\tLire la suite \u00bb\t\t<\/a>\n\n\t\t\t\t<\/div>\n\t\t\t\t\t<\/div>\n\t\t<\/article>\n\t\t\t\t<article class=\"elementor-post elementor-grid-item post-6938 post type-post status-publish format-standard has-post-thumbnail hentry category-compresseurs-dair\" role=\"listitem\">\n\t\t\t<div class=\"elementor-post__card\">\n\t\t\t\t<a class=\"elementor-post__thumbnail__link\" href=\"https:\/\/www.jender.es\/fr\/blog\/compresseurs-dair\/types-de-filtres-pour-compresseurs\/\" tabindex=\"-1\" ><div class=\"elementor-post__thumbnail\"><img loading=\"lazy\" decoding=\"async\" width=\"650\" height=\"452\" src=\"https:\/\/www.jender.es\/wp-content\/uploads\/2026\/04\/Jender_Imagen_Blog_Industria_info.jpg\" class=\"attachment-full size-full wp-image-6939\" alt=\"types de filtres pour compresseurs\" srcset=\"https:\/\/www.jender.es\/wp-content\/uploads\/2026\/04\/Jender_Imagen_Blog_Industria_info.jpg 650w, https:\/\/www.jender.es\/wp-content\/uploads\/2026\/04\/Jender_Imagen_Blog_Industria_info-300x209.jpg 300w, https:\/\/www.jender.es\/wp-content\/uploads\/2026\/04\/Jender_Imagen_Blog_Industria_info-600x417.jpg 600w, https:\/\/www.jender.es\/wp-content\/uploads\/2026\/04\/Jender_Imagen_Blog_Industria_info-64x45.jpg 64w\" sizes=\"(max-width: 650px) 100vw, 650px\" \/><\/div><\/a>\n\t\t\t\t<div class=\"elementor-post__text\">\n\t\t\t\t<h2 class=\"elementor-post__title\">\n\t\t\t<a href=\"https:\/\/www.jender.es\/fr\/blog\/compresseurs-dair\/types-de-filtres-pour-compresseurs\/\" >\n\t\t\t\tTypes de filtres pour compresseurs\t\t\t<\/a>\n\t\t<\/h2>\n\t\t\n\t\t<a class=\"elementor-post__read-more\" href=\"https:\/\/www.jender.es\/fr\/blog\/compresseurs-dair\/types-de-filtres-pour-compresseurs\/\" aria-label=\"En savoir plus sur Types de filtres pour compresseurs\" tabindex=\"-1\" >\n\t\t\tLire la suite \u00bb\t\t<\/a>\n\n\t\t\t\t<\/div>\n\t\t\t\t\t<\/div>\n\t\t<\/article>\n\t\t\t\t<article class=\"elementor-post elementor-grid-item post-6942 post type-post status-publish format-standard has-post-thumbnail hentry category-compresseurs-dair\" role=\"listitem\">\n\t\t\t<div class=\"elementor-post__card\">\n\t\t\t\t<a class=\"elementor-post__thumbnail__link\" href=\"https:\/\/www.jender.es\/fr\/blog\/compresseurs-dair\/compresseurs-a-piston-que-sont-ils-et-comment-fonctionnent-ils\/\" tabindex=\"-1\" ><div class=\"elementor-post__thumbnail\"><img loading=\"lazy\" decoding=\"async\" width=\"1600\" height=\"1600\" src=\"https:\/\/www.jender.es\/wp-content\/uploads\/2026\/04\/COMPRESOR-DE-PISTON-1.jpeg\" class=\"attachment-full size-full wp-image-6944\" alt=\"compresseur \u00e0 pistons\" srcset=\"https:\/\/www.jender.es\/wp-content\/uploads\/2026\/04\/COMPRESOR-DE-PISTON-1.jpeg 1600w, https:\/\/www.jender.es\/wp-content\/uploads\/2026\/04\/COMPRESOR-DE-PISTON-1-300x300.jpeg 300w, https:\/\/www.jender.es\/wp-content\/uploads\/2026\/04\/COMPRESOR-DE-PISTON-1-1024x1024.jpeg 1024w, https:\/\/www.jender.es\/wp-content\/uploads\/2026\/04\/COMPRESOR-DE-PISTON-1-150x150.jpeg 150w, https:\/\/www.jender.es\/wp-content\/uploads\/2026\/04\/COMPRESOR-DE-PISTON-1-768x768.jpeg 768w, https:\/\/www.jender.es\/wp-content\/uploads\/2026\/04\/COMPRESOR-DE-PISTON-1-1536x1536.jpeg 1536w, https:\/\/www.jender.es\/wp-content\/uploads\/2026\/04\/COMPRESOR-DE-PISTON-1-600x600.jpeg 600w, https:\/\/www.jender.es\/wp-content\/uploads\/2026\/04\/COMPRESOR-DE-PISTON-1-100x100.jpeg 100w, https:\/\/www.jender.es\/wp-content\/uploads\/2026\/04\/COMPRESOR-DE-PISTON-1-64x64.jpeg 64w\" sizes=\"(max-width: 1600px) 100vw, 1600px\" \/><\/div><\/a>\n\t\t\t\t<div class=\"elementor-post__text\">\n\t\t\t\t<h2 class=\"elementor-post__title\">\n\t\t\t<a href=\"https:\/\/www.jender.es\/fr\/blog\/compresseurs-dair\/compresseurs-a-piston-que-sont-ils-et-comment-fonctionnent-ils\/\" >\n\t\t\t\tCompresseurs \u00e0 piston : que sont-ils et comment fonctionnent-ils ?\t\t\t<\/a>\n\t\t<\/h2>\n\t\t\n\t\t<a class=\"elementor-post__read-more\" href=\"https:\/\/www.jender.es\/fr\/blog\/compresseurs-dair\/compresseurs-a-piston-que-sont-ils-et-comment-fonctionnent-ils\/\" aria-label=\"En savoir plus sur Compresseurs \u00e0 piston : que sont-ils et comment fonctionnent-ils ?\" tabindex=\"-1\" >\n\t\t\tLire la suite \u00bb\t\t<\/a>\n\n\t\t\t\t<\/div>\n\t\t\t\t\t<\/div>\n\t\t<\/article>\n\t\t\t\t<article class=\"elementor-post elementor-grid-item post-7028 post type-post status-publish format-standard has-post-thumbnail hentry category-air-comprime\" role=\"listitem\">\n\t\t\t<div class=\"elementor-post__card\">\n\t\t\t\t<a class=\"elementor-post__thumbnail__link\" href=\"https:\/\/www.jender.es\/fr\/blog\/air-comprime\/tout-sur-les-purges-dair-comprime\/\" tabindex=\"-1\" ><div class=\"elementor-post__thumbnail\"><img loading=\"lazy\" decoding=\"async\" width=\"500\" height=\"622\" src=\"https:\/\/www.jender.es\/wp-content\/uploads\/2026\/04\/post_jender_sistamas_purga.jpg\" class=\"attachment-full size-full wp-image-7029\" alt=\"purges d\u2019air comprim\u00e9|syst\u00e8me de purge\" srcset=\"https:\/\/www.jender.es\/wp-content\/uploads\/2026\/04\/post_jender_sistamas_purga.jpg 500w, https:\/\/www.jender.es\/wp-content\/uploads\/2026\/04\/post_jender_sistamas_purga-241x300.jpg 241w, https:\/\/www.jender.es\/wp-content\/uploads\/2026\/04\/post_jender_sistamas_purga-64x80.jpg 64w\" sizes=\"(max-width: 500px) 100vw, 500px\" \/><\/div><\/a>\n\t\t\t\t<div class=\"elementor-post__text\">\n\t\t\t\t<h2 class=\"elementor-post__title\">\n\t\t\t<a href=\"https:\/\/www.jender.es\/fr\/blog\/air-comprime\/tout-sur-les-purges-dair-comprime\/\" >\n\t\t\t\tTout sur les purges d\u2019air comprim\u00e9\t\t\t<\/a>\n\t\t<\/h2>\n\t\t\n\t\t<a class=\"elementor-post__read-more\" href=\"https:\/\/www.jender.es\/fr\/blog\/air-comprime\/tout-sur-les-purges-dair-comprime\/\" aria-label=\"En savoir plus sur Tout sur les purges d\u2019air comprim\u00e9\" tabindex=\"-1\" >\n\t\t\tLire la suite \u00bb\t\t<\/a>\n\n\t\t\t\t<\/div>\n\t\t\t\t\t<\/div>\n\t\t<\/article>\n\t\t\t\t<article class=\"elementor-post elementor-grid-item post-7018 post type-post status-publish format-standard has-post-thumbnail hentry category-air-comprime\" role=\"listitem\">\n\t\t\t<div class=\"elementor-post__card\">\n\t\t\t\t<a class=\"elementor-post__thumbnail__link\" href=\"https:\/\/www.jender.es\/fr\/blog\/air-comprime\/de-quel-type-de-separateur-dair-ai-je-besoin\/\" tabindex=\"-1\" ><div class=\"elementor-post__thumbnail\"><img loading=\"lazy\" decoding=\"async\" width=\"736\" height=\"336\" src=\"https:\/\/www.jender.es\/wp-content\/uploads\/2026\/04\/SEPARADOR-DE-AIRE.jpg\" class=\"attachment-full size-full wp-image-7019\" alt=\"\" srcset=\"https:\/\/www.jender.es\/wp-content\/uploads\/2026\/04\/SEPARADOR-DE-AIRE.jpg 736w, https:\/\/www.jender.es\/wp-content\/uploads\/2026\/04\/SEPARADOR-DE-AIRE-300x137.jpg 300w, https:\/\/www.jender.es\/wp-content\/uploads\/2026\/04\/SEPARADOR-DE-AIRE-600x274.jpg 600w, https:\/\/www.jender.es\/wp-content\/uploads\/2026\/04\/SEPARADOR-DE-AIRE-64x29.jpg 64w\" sizes=\"(max-width: 736px) 100vw, 736px\" \/><\/div><\/a>\n\t\t\t\t<div class=\"elementor-post__text\">\n\t\t\t\t<h2 class=\"elementor-post__title\">\n\t\t\t<a href=\"https:\/\/www.jender.es\/fr\/blog\/air-comprime\/de-quel-type-de-separateur-dair-ai-je-besoin\/\" >\n\t\t\t\tDe quel type de s\u00e9parateur d&rsquo;air ai-je besoin ?\t\t\t<\/a>\n\t\t<\/h2>\n\t\t\n\t\t<a class=\"elementor-post__read-more\" href=\"https:\/\/www.jender.es\/fr\/blog\/air-comprime\/de-quel-type-de-separateur-dair-ai-je-besoin\/\" aria-label=\"En savoir plus sur De quel type de s\u00e9parateur d&rsquo;air ai-je besoin ?\" tabindex=\"-1\" >\n\t\t\tLire la suite \u00bb\t\t<\/a>\n\n\t\t\t\t<\/div>\n\t\t\t\t\t<\/div>\n\t\t<\/article>\n\t\t\t\t<article class=\"elementor-post elementor-grid-item post-7040 post type-post status-publish format-standard has-post-thumbnail hentry category-air-comprime\" role=\"listitem\">\n\t\t\t<div class=\"elementor-post__card\">\n\t\t\t\t<a class=\"elementor-post__thumbnail__link\" href=\"https:\/\/www.jender.es\/fr\/blog\/air-comprime\/que-sont-les-reservoirs-dair-comprime\/\" tabindex=\"-1\" ><div class=\"elementor-post__thumbnail\"><img loading=\"lazy\" decoding=\"async\" width=\"800\" height=\"800\" src=\"https:\/\/www.jender.es\/wp-content\/uploads\/2026\/04\/ACCESORIOS-DE-CALDERINES.jpg\" class=\"attachment-full size-full wp-image-7041\" alt=\"\" srcset=\"https:\/\/www.jender.es\/wp-content\/uploads\/2026\/04\/ACCESORIOS-DE-CALDERINES.jpg 800w, https:\/\/www.jender.es\/wp-content\/uploads\/2026\/04\/ACCESORIOS-DE-CALDERINES-300x300.jpg 300w, https:\/\/www.jender.es\/wp-content\/uploads\/2026\/04\/ACCESORIOS-DE-CALDERINES-150x150.jpg 150w, https:\/\/www.jender.es\/wp-content\/uploads\/2026\/04\/ACCESORIOS-DE-CALDERINES-768x768.jpg 768w, https:\/\/www.jender.es\/wp-content\/uploads\/2026\/04\/ACCESORIOS-DE-CALDERINES-600x600.jpg 600w, https:\/\/www.jender.es\/wp-content\/uploads\/2026\/04\/ACCESORIOS-DE-CALDERINES-100x100.jpg 100w, https:\/\/www.jender.es\/wp-content\/uploads\/2026\/04\/ACCESORIOS-DE-CALDERINES-64x64.jpg 64w\" sizes=\"(max-width: 800px) 100vw, 800px\" \/><\/div><\/a>\n\t\t\t\t<div class=\"elementor-post__text\">\n\t\t\t\t<h2 class=\"elementor-post__title\">\n\t\t\t<a href=\"https:\/\/www.jender.es\/fr\/blog\/air-comprime\/que-sont-les-reservoirs-dair-comprime\/\" >\n\t\t\t\tQue sont les r\u00e9servoirs d\u2019air comprim\u00e9 ?\t\t\t<\/a>\n\t\t<\/h2>\n\t\t\n\t\t<a class=\"elementor-post__read-more\" href=\"https:\/\/www.jender.es\/fr\/blog\/air-comprime\/que-sont-les-reservoirs-dair-comprime\/\" aria-label=\"En savoir plus sur Que sont les r\u00e9servoirs d\u2019air comprim\u00e9 ?\" tabindex=\"-1\" >\n\t\t\tLire la suite \u00bb\t\t<\/a>\n\n\t\t\t\t<\/div>\n\t\t\t\t\t<\/div>\n\t\t<\/article>\n\t\t\t\t<article class=\"elementor-post elementor-grid-item post-7063 post type-post status-publish format-standard has-post-thumbnail hentry category-compresseurs-dair\" role=\"listitem\">\n\t\t\t<div class=\"elementor-post__card\">\n\t\t\t\t<a class=\"elementor-post__thumbnail__link\" href=\"https:\/\/www.jender.es\/fr\/blog\/compresseurs-dair\/les-10-pannes-les-plus-courantes-sur-les-compresseurs-et-leur-solution\/\" tabindex=\"-1\" ><div class=\"elementor-post__thumbnail\"><img loading=\"lazy\" decoding=\"async\" width=\"966\" height=\"602\" src=\"https:\/\/www.jender.es\/wp-content\/uploads\/2026\/04\/Blog_1_.jpg\" class=\"attachment-full size-full wp-image-7064\" alt=\"compresseurs d\u2019air \u00e0 vis\" srcset=\"https:\/\/www.jender.es\/wp-content\/uploads\/2026\/04\/Blog_1_.jpg 966w, https:\/\/www.jender.es\/wp-content\/uploads\/2026\/04\/Blog_1_-600x374.jpg 600w, https:\/\/www.jender.es\/wp-content\/uploads\/2026\/04\/Blog_1_-64x40.jpg 64w, https:\/\/www.jender.es\/wp-content\/uploads\/2026\/04\/Blog_1_-300x187.jpg 300w, https:\/\/www.jender.es\/wp-content\/uploads\/2026\/04\/Blog_1_-768x479.jpg 768w\" sizes=\"(max-width: 966px) 100vw, 966px\" \/><\/div><\/a>\n\t\t\t\t<div class=\"elementor-post__text\">\n\t\t\t\t<h2 class=\"elementor-post__title\">\n\t\t\t<a href=\"https:\/\/www.jender.es\/fr\/blog\/compresseurs-dair\/les-10-pannes-les-plus-courantes-sur-les-compresseurs-et-leur-solution\/\" >\n\t\t\t\tLes 10 pannes les plus courantes sur les compresseurs et leur solution\t\t\t<\/a>\n\t\t<\/h2>\n\t\t\n\t\t<a class=\"elementor-post__read-more\" href=\"https:\/\/www.jender.es\/fr\/blog\/compresseurs-dair\/les-10-pannes-les-plus-courantes-sur-les-compresseurs-et-leur-solution\/\" aria-label=\"En savoir plus sur Les 10 pannes les plus courantes sur les compresseurs et leur solution\" tabindex=\"-1\" >\n\t\t\tLire la suite \u00bb\t\t<\/a>\n\n\t\t\t\t<\/div>\n\t\t\t\t\t<\/div>\n\t\t<\/article>\n\t\t\t\t<article class=\"elementor-post elementor-grid-item post-7057 post type-post status-publish format-standard has-post-thumbnail hentry category-compresseurs-dair\" role=\"listitem\">\n\t\t\t<div class=\"elementor-post__card\">\n\t\t\t\t<a class=\"elementor-post__thumbnail__link\" href=\"https:\/\/www.jender.es\/fr\/blog\/compresseurs-dair\/comment-realiser-des-economies-denergie-lors-de-lutilisation-de-compresseurs\/\" tabindex=\"-1\" ><div class=\"elementor-post__thumbnail\"><img loading=\"lazy\" decoding=\"async\" width=\"966\" height=\"602\" src=\"https:\/\/www.jender.es\/wp-content\/uploads\/2026\/04\/Blog_3_ahorro_energiac.jpg\" class=\"attachment-full size-full wp-image-7058\" alt=\"Tuyaux pour optimiser le syst\u00e8me d&#039;air comprim\u00e9\" srcset=\"https:\/\/www.jender.es\/wp-content\/uploads\/2026\/04\/Blog_3_ahorro_energiac.jpg 966w, https:\/\/www.jender.es\/wp-content\/uploads\/2026\/04\/Blog_3_ahorro_energiac-300x187.jpg 300w, https:\/\/www.jender.es\/wp-content\/uploads\/2026\/04\/Blog_3_ahorro_energiac-768x479.jpg 768w, https:\/\/www.jender.es\/wp-content\/uploads\/2026\/04\/Blog_3_ahorro_energiac-600x374.jpg 600w, https:\/\/www.jender.es\/wp-content\/uploads\/2026\/04\/Blog_3_ahorro_energiac-64x40.jpg 64w\" sizes=\"(max-width: 966px) 100vw, 966px\" \/><\/div><\/a>\n\t\t\t\t<div class=\"elementor-post__text\">\n\t\t\t\t<h2 class=\"elementor-post__title\">\n\t\t\t<a href=\"https:\/\/www.jender.es\/fr\/blog\/compresseurs-dair\/comment-realiser-des-economies-denergie-lors-de-lutilisation-de-compresseurs\/\" >\n\t\t\t\tComment r\u00e9aliser des \u00e9conomies d&rsquo;\u00e9nergie lors de l&rsquo;utilisation de compresseurs.\t\t\t<\/a>\n\t\t<\/h2>\n\t\t\n\t\t<a class=\"elementor-post__read-more\" href=\"https:\/\/www.jender.es\/fr\/blog\/compresseurs-dair\/comment-realiser-des-economies-denergie-lors-de-lutilisation-de-compresseurs\/\" aria-label=\"En savoir plus sur Comment r\u00e9aliser des \u00e9conomies d&rsquo;\u00e9nergie lors de l&rsquo;utilisation de compresseurs.\" tabindex=\"-1\" >\n\t\t\tLire la suite \u00bb\t\t<\/a>\n\n\t\t\t\t<\/div>\n\t\t\t\t\t<\/div>\n\t\t<\/article>\n\t\t\t\t<\/div>\n\t\t\n\t\t\t\t\t\t<\/div>\n\t\t\t\t<\/div>\n\t\t\t\t<\/div>\n\t\t\t\t\t<\/div>\n\t\t\t\t<\/div>\n\t\t\t\t<\/div>\n\t\t","protected":false},"excerpt":{"rendered":"<p>Un blog para profesionales<\/p>\n","protected":false},"author":1,"featured_media":0,"parent":0,"menu_order":0,"comment_status":"closed","ping_status":"closed","template":"elementor_header_footer","meta":{"_acf_changed":false,"site-sidebar-layout":"no-sidebar","site-content-layout":"","ast-site-content-layout":"full-width-container","site-content-style":"default","site-sidebar-style":"default","ast-global-header-display":"","ast-banner-title-visibility":"","ast-main-header-display":"","ast-hfb-above-header-display":"","ast-hfb-below-header-display":"","ast-hfb-mobile-header-display":"","site-post-title":"","ast-breadcrumbs-content":"","ast-featured-img":"disabled","footer-sml-layout":"","ast-disable-related-posts":"","theme-transparent-header-meta":"","adv-header-id-meta":"","stick-header-meta":"","header-above-stick-meta":"","header-main-stick-meta":"","header-below-stick-meta":"","astra-migrate-meta-layouts":"default","ast-page-background-enabled":"default","ast-page-background-meta":{"desktop":{"background-color":"var(--ast-global-color-5)","background-image":"","background-repeat":"repeat","background-position":"center center","background-size":"auto","background-attachment":"scroll","background-type":"","background-media":"","overlay-type":"","overlay-color":"","overlay-opacity":"","overlay-gradient":""},"tablet":{"background-color":"","background-image":"","background-repeat":"repeat","background-position":"center center","background-size":"auto","background-attachment":"scroll","background-type":"","background-media":"","overlay-type":"","overlay-color":"","overlay-opacity":"","overlay-gradient":""},"mobile":{"background-color":"","background-image":"","background-repeat":"repeat","background-position":"center center","background-size":"auto","background-attachment":"scroll","background-type":"","background-media":"","overlay-type":"","overlay-color":"","overlay-opacity":"","overlay-gradient":""}},"ast-content-background-meta":{"desktop":{"background-color":"var(--ast-global-color-4)","background-image":"","background-repeat":"repeat","background-position":"center center","background-size":"auto","background-attachment":"scroll","background-type":"","background-media":"","overlay-type":"","overlay-color":"","overlay-opacity":"","overlay-gradient":""},"tablet":{"background-color":"var(--ast-global-color-4)","background-image":"","background-repeat":"repeat","background-position":"center center","background-size":"auto","background-attachment":"scroll","background-type":"","background-media":"","overlay-type":"","overlay-color":"","overlay-opacity":"","overlay-gradient":""},"mobile":{"background-color":"var(--ast-global-color-4)","background-image":"","background-repeat":"repeat","background-position":"center center","background-size":"auto","background-attachment":"scroll","background-type":"","background-media":"","overlay-type":"","overlay-color":"","overlay-opacity":"","overlay-gradient":""}},"footnotes":""},"class_list":["post-6879","page","type-page","status-publish","hentry"],"acf":[],"_links":{"self":[{"href":"https:\/\/www.jender.es\/fr\/wp-json\/wp\/v2\/pages\/6879","targetHints":{"allow":["GET"]}}],"collection":[{"href":"https:\/\/www.jender.es\/fr\/wp-json\/wp\/v2\/pages"}],"about":[{"href":"https:\/\/www.jender.es\/fr\/wp-json\/wp\/v2\/types\/page"}],"author":[{"embeddable":true,"href":"https:\/\/www.jender.es\/fr\/wp-json\/wp\/v2\/users\/1"}],"replies":[{"embeddable":true,"href":"https:\/\/www.jender.es\/fr\/wp-json\/wp\/v2\/comments?post=6879"}],"version-history":[{"count":3,"href":"https:\/\/www.jender.es\/fr\/wp-json\/wp\/v2\/pages\/6879\/revisions"}],"predecessor-version":[{"id":6882,"href":"https:\/\/www.jender.es\/fr\/wp-json\/wp\/v2\/pages\/6879\/revisions\/6882"}],"wp:attachment":[{"href":"https:\/\/www.jender.es\/fr\/wp-json\/wp\/v2\/media?parent=6879"}],"curies":[{"name":"wp","href":"https:\/\/api.w.org\/{rel}","templated":true}]}}