{"id":6877,"date":"2026-04-22T07:37:06","date_gmt":"2026-04-22T07:37:06","guid":{"rendered":"https:\/\/cool-panini.185-226-232-135.plesk.page\/blogue\/"},"modified":"2026-04-27T09:47:01","modified_gmt":"2026-04-27T09:47:01","slug":"blogue","status":"publish","type":"page","link":"https:\/\/www.jender.es\/pt-pt\/blogue\/","title":{"rendered":"Blogue"},"content":{"rendered":"\t\t<div data-elementor-type=\"wp-page\" data-elementor-id=\"6877\" class=\"elementor elementor-6877 elementor-6158\" data-elementor-post-type=\"page\">\n\t\t\t\t<div class=\"elementor-element elementor-element-04c0c01 e-flex e-con-boxed e-con e-parent\" data-id=\"04c0c01\" data-element_type=\"container\" data-e-type=\"container\">\n\t\t\t\t\t<div class=\"e-con-inner\">\n\t\t\t\t<div class=\"elementor-element elementor-element-fd55461 elementor-widget elementor-widget-heading\" data-id=\"fd55461\" data-element_type=\"widget\" data-e-type=\"widget\" data-widget_type=\"heading.default\">\n\t\t\t\t\t<h1 class=\"elementor-heading-title elementor-size-default\">Um blogue para profissionais<\/h1>\t\t\t\t<\/div>\n\t\t\t\t\t<\/div>\n\t\t\t\t<\/div>\n\t\t<div class=\"elementor-element elementor-element-0425fa4 e-flex e-con-boxed e-con e-parent\" data-id=\"0425fa4\" data-element_type=\"container\" data-e-type=\"container\">\n\t\t\t\t\t<div class=\"e-con-inner\">\n\t\t\t\t<div class=\"elementor-element elementor-element-2c866ad elementor-nav-menu__align-center elementor-nav-menu--dropdown-tablet elementor-nav-menu__text-align-aside elementor-nav-menu--toggle elementor-nav-menu--burger elementor-widget elementor-widget-nav-menu\" data-id=\"2c866ad\" data-element_type=\"widget\" data-e-type=\"widget\" data-settings=\"{&quot;layout&quot;:&quot;horizontal&quot;,&quot;submenu_icon&quot;:{&quot;value&quot;:&quot;&lt;svg aria-hidden=\\&quot;true\\&quot; class=\\&quot;e-font-icon-svg e-fas-caret-down\\&quot; viewBox=\\&quot;0 0 320 512\\&quot; xmlns=\\&quot;http:\\\/\\\/www.w3.org\\\/2000\\\/svg\\&quot;&gt;&lt;path d=\\&quot;M31.3 192h257.3c17.8 0 26.7 21.5 14.1 34.1L174.1 354.8c-7.8 7.8-20.5 7.8-28.3 0L17.2 226.1C4.6 213.5 13.5 192 31.3 192z\\&quot;&gt;&lt;\\\/path&gt;&lt;\\\/svg&gt;&quot;,&quot;library&quot;:&quot;fa-solid&quot;},&quot;toggle&quot;:&quot;burger&quot;}\" data-widget_type=\"nav-menu.default\">\n\t\t\t\t\t\t\t\t<nav aria-label=\"Men\u00fa\" class=\"elementor-nav-menu--main elementor-nav-menu__container elementor-nav-menu--layout-horizontal e--pointer-underline e--animation-fade\">\n\t\t\t\t<ul id=\"menu-1-2c866ad\" class=\"elementor-nav-menu\"><li class=\"menu-item menu-item-type-taxonomy menu-item-object-category menu-item-6200\"><a href=\"https:\/\/www.jender.es\/blog\/category\/aire-comprimido\/\" class=\"elementor-item menu-link\">Aire comprimido<\/a><\/li>\n<li class=\"menu-item menu-item-type-taxonomy menu-item-object-category menu-item-6199\"><a href=\"https:\/\/www.jender.es\/blog\/category\/compresores-aire\/\" class=\"elementor-item menu-link\">Compresores de aire<\/a><\/li>\n<\/ul>\t\t\t<\/nav>\n\t\t\t\t\t<div class=\"elementor-menu-toggle\" role=\"button\" tabindex=\"0\" aria-label=\"Menu Toggle\" aria-expanded=\"false\">\n\t\t\t<svg aria-hidden=\"true\" role=\"presentation\" class=\"elementor-menu-toggle__icon--open e-font-icon-svg e-eicon-menu-bar\" viewBox=\"0 0 1000 1000\" xmlns=\"http:\/\/www.w3.org\/2000\/svg\"><path d=\"M104 333H896C929 333 958 304 958 271S929 208 896 208H104C71 208 42 237 42 271S71 333 104 333ZM104 583H896C929 583 958 554 958 521S929 458 896 458H104C71 458 42 487 42 521S71 583 104 583ZM104 833H896C929 833 958 804 958 771S929 708 896 708H104C71 708 42 737 42 771S71 833 104 833Z\"><\/path><\/svg><svg aria-hidden=\"true\" role=\"presentation\" class=\"elementor-menu-toggle__icon--close e-font-icon-svg e-eicon-close\" viewBox=\"0 0 1000 1000\" xmlns=\"http:\/\/www.w3.org\/2000\/svg\"><path d=\"M742 167L500 408 258 167C246 154 233 150 217 150 196 150 179 158 167 167 154 179 150 196 150 212 150 229 154 242 171 254L408 500 167 742C138 771 138 800 167 829 196 858 225 858 254 829L496 587 738 829C750 842 767 846 783 846 800 846 817 842 829 829 842 817 846 804 846 783 846 767 842 750 829 737L588 500 833 258C863 229 863 200 833 171 804 137 775 137 742 167Z\"><\/path><\/svg>\t\t<\/div>\n\t\t\t\t\t<nav class=\"elementor-nav-menu--dropdown elementor-nav-menu__container\" aria-hidden=\"true\">\n\t\t\t\t<ul id=\"menu-2-2c866ad\" class=\"elementor-nav-menu\"><li class=\"menu-item menu-item-type-taxonomy menu-item-object-category menu-item-6200\"><a href=\"https:\/\/www.jender.es\/blog\/category\/aire-comprimido\/\" class=\"elementor-item menu-link\" tabindex=\"-1\">Aire comprimido<\/a><\/li>\n<li class=\"menu-item menu-item-type-taxonomy menu-item-object-category menu-item-6199\"><a href=\"https:\/\/www.jender.es\/blog\/category\/compresores-aire\/\" class=\"elementor-item menu-link\" tabindex=\"-1\">Compresores de aire<\/a><\/li>\n<\/ul>\t\t\t<\/nav>\n\t\t\t\t\t\t<\/div>\n\t\t\t\t\t<\/div>\n\t\t\t\t<\/div>\n\t\t<div class=\"elementor-element elementor-element-22fea2a e-flex e-con-boxed e-con e-parent\" data-id=\"22fea2a\" data-element_type=\"container\" data-e-type=\"container\">\n\t\t\t\t\t<div class=\"e-con-inner\">\n\t\t<div class=\"elementor-element elementor-element-4badeed e-con-full e-flex e-con e-child\" data-id=\"4badeed\" data-element_type=\"container\" data-e-type=\"container\">\n\t\t\t\t<div class=\"elementor-element elementor-element-00c9e31 elementor-posts__hover-none elementor-grid-3 elementor-grid-tablet-2 elementor-grid-mobile-1 elementor-posts--thumbnail-top elementor-card-shadow-yes elementor-widget elementor-widget-posts\" data-id=\"00c9e31\" data-element_type=\"widget\" data-e-type=\"widget\" data-settings=\"{&quot;cards_row_gap&quot;:{&quot;unit&quot;:&quot;px&quot;,&quot;size&quot;:31,&quot;sizes&quot;:[]},&quot;cards_columns&quot;:&quot;3&quot;,&quot;cards_columns_tablet&quot;:&quot;2&quot;,&quot;cards_columns_mobile&quot;:&quot;1&quot;,&quot;cards_row_gap_tablet&quot;:{&quot;unit&quot;:&quot;px&quot;,&quot;size&quot;:&quot;&quot;,&quot;sizes&quot;:[]},&quot;cards_row_gap_mobile&quot;:{&quot;unit&quot;:&quot;px&quot;,&quot;size&quot;:&quot;&quot;,&quot;sizes&quot;:[]}}\" data-widget_type=\"posts.cards\">\n\t\t\t\t<div class=\"elementor-widget-container\">\n\t\t\t\t\t\t\t<div class=\"elementor-posts-container elementor-posts elementor-posts--skin-cards elementor-grid\" role=\"list\">\n\t\t\t\t<article class=\"elementor-post elementor-grid-item post-6985 post type-post status-publish format-standard has-post-thumbnail hentry category-compressores-de-ar\" role=\"listitem\">\n\t\t\t<div class=\"elementor-post__card\">\n\t\t\t\t<a class=\"elementor-post__thumbnail__link\" href=\"https:\/\/www.jender.es\/pt-pt\/blog\/compressores-de-ar\/como-funciona-um-compressor-de-pistao-ciclo-etapas-e-desempenho-real\/\" tabindex=\"-1\" ><div class=\"elementor-post__thumbnail\"><img fetchpriority=\"high\" decoding=\"async\" width=\"1344\" height=\"768\" src=\"https:\/\/www.jender.es\/wp-content\/uploads\/2026\/04\/Compresor-de-piston-funcionamiento.png\" class=\"attachment-full size-full wp-image-6986\" alt=\"Funcionamento de um compressor de pist\u00e3o\" srcset=\"https:\/\/www.jender.es\/wp-content\/uploads\/2026\/04\/Compresor-de-piston-funcionamiento.png 1344w, https:\/\/www.jender.es\/wp-content\/uploads\/2026\/04\/Compresor-de-piston-funcionamiento-300x171.png 300w, https:\/\/www.jender.es\/wp-content\/uploads\/2026\/04\/Compresor-de-piston-funcionamiento-1024x585.png 1024w, https:\/\/www.jender.es\/wp-content\/uploads\/2026\/04\/Compresor-de-piston-funcionamiento-768x439.png 768w, https:\/\/www.jender.es\/wp-content\/uploads\/2026\/04\/Compresor-de-piston-funcionamiento-600x343.png 600w, https:\/\/www.jender.es\/wp-content\/uploads\/2026\/04\/Compresor-de-piston-funcionamiento-64x37.png 64w\" sizes=\"(max-width: 1344px) 100vw, 1344px\" \/><\/div><\/a>\n\t\t\t\t<div class=\"elementor-post__text\">\n\t\t\t\t<h2 class=\"elementor-post__title\">\n\t\t\t<a href=\"https:\/\/www.jender.es\/pt-pt\/blog\/compressores-de-ar\/como-funciona-um-compressor-de-pistao-ciclo-etapas-e-desempenho-real\/\" >\n\t\t\t\tComo funciona um compressor de pist\u00e3o: ciclo, etapas e desempenho real\t\t\t<\/a>\n\t\t<\/h2>\n\t\t\n\t\t<a class=\"elementor-post__read-more\" href=\"https:\/\/www.jender.es\/pt-pt\/blog\/compressores-de-ar\/como-funciona-um-compressor-de-pistao-ciclo-etapas-e-desempenho-real\/\" aria-label=\"Read more about Como funciona um compressor de pist\u00e3o: ciclo, etapas e desempenho real\" tabindex=\"-1\" >\n\t\t\tLer mais \u00bb\t\t<\/a>\n\n\t\t\t\t<\/div>\n\t\t\t\t\t<\/div>\n\t\t<\/article>\n\t\t\t\t<article class=\"elementor-post elementor-grid-item post-6855 post type-post status-publish format-standard has-post-thumbnail hentry category-compressores-de-ar\" role=\"listitem\">\n\t\t\t<div class=\"elementor-post__card\">\n\t\t\t\t<a class=\"elementor-post__thumbnail__link\" href=\"https:\/\/www.jender.es\/pt-pt\/blog\/compressores-de-ar\/tipos-de-compressores-de-ar-quais-existem-e-quando-escolher-cada-um\/\" tabindex=\"-1\" ><div class=\"elementor-post__thumbnail\"><img decoding=\"async\" width=\"1344\" height=\"768\" src=\"https:\/\/www.jender.es\/wp-content\/uploads\/2026\/04\/compresores-de-aire-de-tornillo.png\" class=\"attachment-full size-full wp-image-6856\" alt=\"compressores de ar de parafuso\" srcset=\"https:\/\/www.jender.es\/wp-content\/uploads\/2026\/04\/compresores-de-aire-de-tornillo.png 1344w, https:\/\/www.jender.es\/wp-content\/uploads\/2026\/04\/compresores-de-aire-de-tornillo-300x171.png 300w, https:\/\/www.jender.es\/wp-content\/uploads\/2026\/04\/compresores-de-aire-de-tornillo-1024x585.png 1024w, https:\/\/www.jender.es\/wp-content\/uploads\/2026\/04\/compresores-de-aire-de-tornillo-768x439.png 768w, https:\/\/www.jender.es\/wp-content\/uploads\/2026\/04\/compresores-de-aire-de-tornillo-600x343.png 600w, https:\/\/www.jender.es\/wp-content\/uploads\/2026\/04\/compresores-de-aire-de-tornillo-64x37.png 64w\" sizes=\"(max-width: 1344px) 100vw, 1344px\" \/><\/div><\/a>\n\t\t\t\t<div class=\"elementor-post__text\">\n\t\t\t\t<h2 class=\"elementor-post__title\">\n\t\t\t<a href=\"https:\/\/www.jender.es\/pt-pt\/blog\/compressores-de-ar\/tipos-de-compressores-de-ar-quais-existem-e-quando-escolher-cada-um\/\" >\n\t\t\t\tTipos de compressores de ar: quais existem e quando escolher cada um\t\t\t<\/a>\n\t\t<\/h2>\n\t\t\n\t\t<a class=\"elementor-post__read-more\" href=\"https:\/\/www.jender.es\/pt-pt\/blog\/compressores-de-ar\/tipos-de-compressores-de-ar-quais-existem-e-quando-escolher-cada-um\/\" aria-label=\"Read more about Tipos de compressores de ar: quais existem e quando escolher cada um\" tabindex=\"-1\" >\n\t\t\tLer mais \u00bb\t\t<\/a>\n\n\t\t\t\t<\/div>\n\t\t\t\t\t<\/div>\n\t\t<\/article>\n\t\t\t\t<article class=\"elementor-post elementor-grid-item post-6990 post type-post status-publish format-standard has-post-thumbnail hentry category-compressores-de-ar\" role=\"listitem\">\n\t\t\t<div class=\"elementor-post__card\">\n\t\t\t\t<a class=\"elementor-post__thumbnail__link\" href=\"https:\/\/www.jender.es\/pt-pt\/blog\/compressores-de-ar\/tipos-de-compressores-de-pistao-qual-se-adequa-ao-seu-uso\/\" tabindex=\"-1\" ><div class=\"elementor-post__thumbnail\"><img decoding=\"async\" width=\"1344\" height=\"768\" src=\"https:\/\/www.jender.es\/wp-content\/uploads\/2026\/04\/compresor-de-piston-jender.png\" class=\"attachment-full size-full wp-image-6991\" alt=\"tipos de compressores de pist\u00e3o\" srcset=\"https:\/\/www.jender.es\/wp-content\/uploads\/2026\/04\/compresor-de-piston-jender.png 1344w, https:\/\/www.jender.es\/wp-content\/uploads\/2026\/04\/compresor-de-piston-jender-300x171.png 300w, https:\/\/www.jender.es\/wp-content\/uploads\/2026\/04\/compresor-de-piston-jender-1024x585.png 1024w, https:\/\/www.jender.es\/wp-content\/uploads\/2026\/04\/compresor-de-piston-jender-768x439.png 768w, https:\/\/www.jender.es\/wp-content\/uploads\/2026\/04\/compresor-de-piston-jender-600x343.png 600w, https:\/\/www.jender.es\/wp-content\/uploads\/2026\/04\/compresor-de-piston-jender-64x37.png 64w\" sizes=\"(max-width: 1344px) 100vw, 1344px\" \/><\/div><\/a>\n\t\t\t\t<div class=\"elementor-post__text\">\n\t\t\t\t<h2 class=\"elementor-post__title\">\n\t\t\t<a href=\"https:\/\/www.jender.es\/pt-pt\/blog\/compressores-de-ar\/tipos-de-compressores-de-pistao-qual-se-adequa-ao-seu-uso\/\" >\n\t\t\t\tTipos de compressores de pist\u00e3o: qual se adequa ao seu uso\t\t\t<\/a>\n\t\t<\/h2>\n\t\t\n\t\t<a class=\"elementor-post__read-more\" href=\"https:\/\/www.jender.es\/pt-pt\/blog\/compressores-de-ar\/tipos-de-compressores-de-pistao-qual-se-adequa-ao-seu-uso\/\" aria-label=\"Read more about Tipos de compressores de pist\u00e3o: qual se adequa ao seu uso\" tabindex=\"-1\" >\n\t\t\tLer mais \u00bb\t\t<\/a>\n\n\t\t\t\t<\/div>\n\t\t\t\t\t<\/div>\n\t\t<\/article>\n\t\t\t\t<article class=\"elementor-post elementor-grid-item post-6861 post type-post status-publish format-standard has-post-thumbnail hentry category-compressores-de-ar\" role=\"listitem\">\n\t\t\t<div class=\"elementor-post__card\">\n\t\t\t\t<a class=\"elementor-post__thumbnail__link\" href=\"https:\/\/www.jender.es\/pt-pt\/blog\/compressores-de-ar\/tipos-de-compressores-de-parafuso-qual-escolher-de-acordo-com-a-sua-instalacao\/\" tabindex=\"-1\" ><div class=\"elementor-post__thumbnail\"><img loading=\"lazy\" decoding=\"async\" width=\"1344\" height=\"768\" src=\"https:\/\/www.jender.es\/wp-content\/uploads\/2026\/04\/compresor-de-aire-de-tornillo.png\" class=\"attachment-full size-full wp-image-6862\" alt=\"compressores de ar de parafuso tipos\" srcset=\"https:\/\/www.jender.es\/wp-content\/uploads\/2026\/04\/compresor-de-aire-de-tornillo.png 1344w, https:\/\/www.jender.es\/wp-content\/uploads\/2026\/04\/compresor-de-aire-de-tornillo-300x171.png 300w, https:\/\/www.jender.es\/wp-content\/uploads\/2026\/04\/compresor-de-aire-de-tornillo-1024x585.png 1024w, https:\/\/www.jender.es\/wp-content\/uploads\/2026\/04\/compresor-de-aire-de-tornillo-768x439.png 768w, https:\/\/www.jender.es\/wp-content\/uploads\/2026\/04\/compresor-de-aire-de-tornillo-600x343.png 600w, https:\/\/www.jender.es\/wp-content\/uploads\/2026\/04\/compresor-de-aire-de-tornillo-64x37.png 64w\" sizes=\"(max-width: 1344px) 100vw, 1344px\" \/><\/div><\/a>\n\t\t\t\t<div class=\"elementor-post__text\">\n\t\t\t\t<h2 class=\"elementor-post__title\">\n\t\t\t<a href=\"https:\/\/www.jender.es\/pt-pt\/blog\/compressores-de-ar\/tipos-de-compressores-de-parafuso-qual-escolher-de-acordo-com-a-sua-instalacao\/\" >\n\t\t\t\tTipos de compressores de parafuso: qual escolher de acordo com a sua instala\u00e7\u00e3o\t\t\t<\/a>\n\t\t<\/h2>\n\t\t\n\t\t<a class=\"elementor-post__read-more\" href=\"https:\/\/www.jender.es\/pt-pt\/blog\/compressores-de-ar\/tipos-de-compressores-de-parafuso-qual-escolher-de-acordo-com-a-sua-instalacao\/\" aria-label=\"Read more about Tipos de compressores de parafuso: qual escolher de acordo com a sua instala\u00e7\u00e3o\" tabindex=\"-1\" >\n\t\t\tLer mais \u00bb\t\t<\/a>\n\n\t\t\t\t<\/div>\n\t\t\t\t\t<\/div>\n\t\t<\/article>\n\t\t\t\t<article class=\"elementor-post elementor-grid-item post-6962 post type-post status-publish format-standard has-post-thumbnail hentry category-compressores-de-ar\" role=\"listitem\">\n\t\t\t<div class=\"elementor-post__card\">\n\t\t\t\t<a class=\"elementor-post__thumbnail__link\" href=\"https:\/\/www.jender.es\/pt-pt\/blog\/compressores-de-ar\/como-saber-se-o-seu-compressor-de-ar-esta-danificado-sintomas-e-diagnostico\/\" tabindex=\"-1\" ><div class=\"elementor-post__thumbnail\"><img loading=\"lazy\" decoding=\"async\" width=\"1344\" height=\"768\" src=\"https:\/\/www.jender.es\/wp-content\/uploads\/2026\/04\/como-saber-si-el-compresor-esta-danado.webp\" class=\"attachment-full size-full wp-image-6963\" alt=\"\" srcset=\"https:\/\/www.jender.es\/wp-content\/uploads\/2026\/04\/como-saber-si-el-compresor-esta-danado.webp 1344w, https:\/\/www.jender.es\/wp-content\/uploads\/2026\/04\/como-saber-si-el-compresor-esta-danado-300x171.webp 300w, https:\/\/www.jender.es\/wp-content\/uploads\/2026\/04\/como-saber-si-el-compresor-esta-danado-1024x585.webp 1024w, https:\/\/www.jender.es\/wp-content\/uploads\/2026\/04\/como-saber-si-el-compresor-esta-danado-768x439.webp 768w, https:\/\/www.jender.es\/wp-content\/uploads\/2026\/04\/como-saber-si-el-compresor-esta-danado-600x343.webp 600w, https:\/\/www.jender.es\/wp-content\/uploads\/2026\/04\/como-saber-si-el-compresor-esta-danado-64x37.webp 64w\" sizes=\"(max-width: 1344px) 100vw, 1344px\" \/><\/div><\/a>\n\t\t\t\t<div class=\"elementor-post__text\">\n\t\t\t\t<h2 class=\"elementor-post__title\">\n\t\t\t<a href=\"https:\/\/www.jender.es\/pt-pt\/blog\/compressores-de-ar\/como-saber-se-o-seu-compressor-de-ar-esta-danificado-sintomas-e-diagnostico\/\" >\n\t\t\t\tComo saber se o seu compressor de ar est\u00e1 danificado: sintomas e diagn\u00f3stico\t\t\t<\/a>\n\t\t<\/h2>\n\t\t\n\t\t<a class=\"elementor-post__read-more\" href=\"https:\/\/www.jender.es\/pt-pt\/blog\/compressores-de-ar\/como-saber-se-o-seu-compressor-de-ar-esta-danificado-sintomas-e-diagnostico\/\" aria-label=\"Read more about Como saber se o seu compressor de ar est\u00e1 danificado: sintomas e diagn\u00f3stico\" tabindex=\"-1\" >\n\t\t\tLer mais \u00bb\t\t<\/a>\n\n\t\t\t\t<\/div>\n\t\t\t\t\t<\/div>\n\t\t<\/article>\n\t\t\t\t<article class=\"elementor-post elementor-grid-item post-6908 post type-post status-publish format-standard has-post-thumbnail hentry category-compressores-de-ar\" role=\"listitem\">\n\t\t\t<div class=\"elementor-post__card\">\n\t\t\t\t<a class=\"elementor-post__thumbnail__link\" href=\"https:\/\/www.jender.es\/pt-pt\/blog\/compressores-de-ar\/como-escolher-um-compressor-de-ar-guia-pratico-passo-a-passo\/\" tabindex=\"-1\" ><div class=\"elementor-post__thumbnail\"><img loading=\"lazy\" decoding=\"async\" width=\"1344\" height=\"768\" src=\"https:\/\/www.jender.es\/wp-content\/uploads\/2026\/04\/Compresor-de-aire-para-ruedas-.webp\" class=\"attachment-full size-full wp-image-6909\" alt=\"como escolher compressor de ar||Escolher compressor para encher pneus\" srcset=\"https:\/\/www.jender.es\/wp-content\/uploads\/2026\/04\/Compresor-de-aire-para-ruedas-.webp 1344w, https:\/\/www.jender.es\/wp-content\/uploads\/2026\/04\/Compresor-de-aire-para-ruedas--300x171.webp 300w, https:\/\/www.jender.es\/wp-content\/uploads\/2026\/04\/Compresor-de-aire-para-ruedas--1024x585.webp 1024w, https:\/\/www.jender.es\/wp-content\/uploads\/2026\/04\/Compresor-de-aire-para-ruedas--768x439.webp 768w, https:\/\/www.jender.es\/wp-content\/uploads\/2026\/04\/Compresor-de-aire-para-ruedas--600x343.webp 600w, https:\/\/www.jender.es\/wp-content\/uploads\/2026\/04\/Compresor-de-aire-para-ruedas--64x37.webp 64w\" sizes=\"(max-width: 1344px) 100vw, 1344px\" \/><\/div><\/a>\n\t\t\t\t<div class=\"elementor-post__text\">\n\t\t\t\t<h2 class=\"elementor-post__title\">\n\t\t\t<a href=\"https:\/\/www.jender.es\/pt-pt\/blog\/compressores-de-ar\/como-escolher-um-compressor-de-ar-guia-pratico-passo-a-passo\/\" >\n\t\t\t\tComo escolher um compressor de ar: guia pr\u00e1tico passo a passo\t\t\t<\/a>\n\t\t<\/h2>\n\t\t\n\t\t<a class=\"elementor-post__read-more\" href=\"https:\/\/www.jender.es\/pt-pt\/blog\/compressores-de-ar\/como-escolher-um-compressor-de-ar-guia-pratico-passo-a-passo\/\" aria-label=\"Read more about Como escolher um compressor de ar: guia pr\u00e1tico passo a passo\" tabindex=\"-1\" >\n\t\t\tLer mais \u00bb\t\t<\/a>\n\n\t\t\t\t<\/div>\n\t\t\t\t\t<\/div>\n\t\t<\/article>\n\t\t\t\t<article class=\"elementor-post elementor-grid-item post-6970 post type-post status-publish format-standard has-post-thumbnail hentry category-compressores-de-ar\" role=\"listitem\">\n\t\t\t<div class=\"elementor-post__card\">\n\t\t\t\t<a class=\"elementor-post__thumbnail__link\" href=\"https:\/\/www.jender.es\/pt-pt\/blog\/compressores-de-ar\/para-que-serve-um-compressor-de-ar-e-quando-precisa-de-um\/\" tabindex=\"-1\" ><div class=\"elementor-post__thumbnail\"><img loading=\"lazy\" decoding=\"async\" width=\"1344\" height=\"768\" src=\"https:\/\/www.jender.es\/wp-content\/uploads\/2026\/04\/compresor-de-aire-jender.webp\" class=\"attachment-full size-full wp-image-6971\" alt=\"compressor de ar da jender|compressor de ar de parafuso da jender numa f\u00e1brica|Compressor de ar para ind\u00fastria\" srcset=\"https:\/\/www.jender.es\/wp-content\/uploads\/2026\/04\/compresor-de-aire-jender.webp 1344w, https:\/\/www.jender.es\/wp-content\/uploads\/2026\/04\/compresor-de-aire-jender-300x171.webp 300w, https:\/\/www.jender.es\/wp-content\/uploads\/2026\/04\/compresor-de-aire-jender-1024x585.webp 1024w, https:\/\/www.jender.es\/wp-content\/uploads\/2026\/04\/compresor-de-aire-jender-768x439.webp 768w, https:\/\/www.jender.es\/wp-content\/uploads\/2026\/04\/compresor-de-aire-jender-600x343.webp 600w, https:\/\/www.jender.es\/wp-content\/uploads\/2026\/04\/compresor-de-aire-jender-64x37.webp 64w\" sizes=\"(max-width: 1344px) 100vw, 1344px\" \/><\/div><\/a>\n\t\t\t\t<div class=\"elementor-post__text\">\n\t\t\t\t<h2 class=\"elementor-post__title\">\n\t\t\t<a href=\"https:\/\/www.jender.es\/pt-pt\/blog\/compressores-de-ar\/para-que-serve-um-compressor-de-ar-e-quando-precisa-de-um\/\" >\n\t\t\t\tPara que serve um compressor de ar e quando precisa de um\t\t\t<\/a>\n\t\t<\/h2>\n\t\t\n\t\t<a class=\"elementor-post__read-more\" href=\"https:\/\/www.jender.es\/pt-pt\/blog\/compressores-de-ar\/para-que-serve-um-compressor-de-ar-e-quando-precisa-de-um\/\" aria-label=\"Read more about Para que serve um compressor de ar e quando precisa de um\" tabindex=\"-1\" >\n\t\t\tLer mais \u00bb\t\t<\/a>\n\n\t\t\t\t<\/div>\n\t\t\t\t\t<\/div>\n\t\t<\/article>\n\t\t\t\t<article class=\"elementor-post elementor-grid-item post-6914 post type-post status-publish format-standard has-post-thumbnail hentry category-compressores-de-ar\" role=\"listitem\">\n\t\t\t<div class=\"elementor-post__card\">\n\t\t\t\t<a class=\"elementor-post__thumbnail__link\" href=\"https:\/\/www.jender.es\/pt-pt\/blog\/compressores-de-ar\/o-que-e-um-compressor-de-ar-funcionamento-partes-e-tipos\/\" tabindex=\"-1\" ><div class=\"elementor-post__thumbnail\"><img loading=\"lazy\" decoding=\"async\" width=\"1344\" height=\"768\" src=\"https:\/\/www.jender.es\/wp-content\/uploads\/2026\/04\/Compresor-de-aire-para-taller.webp\" class=\"attachment-full size-full wp-image-6915\" alt=\"o que \u00e9 um compressor de ar||\" srcset=\"https:\/\/www.jender.es\/wp-content\/uploads\/2026\/04\/Compresor-de-aire-para-taller.webp 1344w, https:\/\/www.jender.es\/wp-content\/uploads\/2026\/04\/Compresor-de-aire-para-taller-300x171.webp 300w, https:\/\/www.jender.es\/wp-content\/uploads\/2026\/04\/Compresor-de-aire-para-taller-1024x585.webp 1024w, https:\/\/www.jender.es\/wp-content\/uploads\/2026\/04\/Compresor-de-aire-para-taller-768x439.webp 768w, https:\/\/www.jender.es\/wp-content\/uploads\/2026\/04\/Compresor-de-aire-para-taller-600x343.webp 600w, https:\/\/www.jender.es\/wp-content\/uploads\/2026\/04\/Compresor-de-aire-para-taller-64x37.webp 64w\" sizes=\"(max-width: 1344px) 100vw, 1344px\" \/><\/div><\/a>\n\t\t\t\t<div class=\"elementor-post__text\">\n\t\t\t\t<h2 class=\"elementor-post__title\">\n\t\t\t<a href=\"https:\/\/www.jender.es\/pt-pt\/blog\/compressores-de-ar\/o-que-e-um-compressor-de-ar-funcionamento-partes-e-tipos\/\" >\n\t\t\t\tO que \u00e9 um compressor de ar: funcionamento, partes e tipos\t\t\t<\/a>\n\t\t<\/h2>\n\t\t\n\t\t<a class=\"elementor-post__read-more\" href=\"https:\/\/www.jender.es\/pt-pt\/blog\/compressores-de-ar\/o-que-e-um-compressor-de-ar-funcionamento-partes-e-tipos\/\" aria-label=\"Read more about O que \u00e9 um compressor de ar: funcionamento, partes e tipos\" tabindex=\"-1\" >\n\t\t\tLer mais \u00bb\t\t<\/a>\n\n\t\t\t\t<\/div>\n\t\t\t\t\t<\/div>\n\t\t<\/article>\n\t\t\t\t<article class=\"elementor-post elementor-grid-item post-6917 post type-post status-publish format-standard has-post-thumbnail hentry category-compressores-de-ar\" role=\"listitem\">\n\t\t\t<div class=\"elementor-post__card\">\n\t\t\t\t<a class=\"elementor-post__thumbnail__link\" href=\"https:\/\/www.jender.es\/pt-pt\/blog\/compressores-de-ar\/compressor-de-parafuso-o-que-e-como-funciona-e-quando-e-a-sua-melhor-opcao\/\" tabindex=\"-1\" ><div class=\"elementor-post__thumbnail\"><img loading=\"lazy\" decoding=\"async\" width=\"1344\" height=\"768\" src=\"https:\/\/www.jender.es\/wp-content\/uploads\/2026\/04\/Compresor-de-tornillo-que-es.webp\" class=\"attachment-full size-full wp-image-6918\" alt=\"compressor de parafuso de blizzcool|compressor de parafuso numa f\u00e1brica|o que \u00e9 um compressor de parafuso\" srcset=\"https:\/\/www.jender.es\/wp-content\/uploads\/2026\/04\/Compresor-de-tornillo-que-es.webp 1344w, https:\/\/www.jender.es\/wp-content\/uploads\/2026\/04\/Compresor-de-tornillo-que-es-300x171.webp 300w, https:\/\/www.jender.es\/wp-content\/uploads\/2026\/04\/Compresor-de-tornillo-que-es-1024x585.webp 1024w, https:\/\/www.jender.es\/wp-content\/uploads\/2026\/04\/Compresor-de-tornillo-que-es-768x439.webp 768w, https:\/\/www.jender.es\/wp-content\/uploads\/2026\/04\/Compresor-de-tornillo-que-es-600x343.webp 600w, https:\/\/www.jender.es\/wp-content\/uploads\/2026\/04\/Compresor-de-tornillo-que-es-64x37.webp 64w\" sizes=\"(max-width: 1344px) 100vw, 1344px\" \/><\/div><\/a>\n\t\t\t\t<div class=\"elementor-post__text\">\n\t\t\t\t<h2 class=\"elementor-post__title\">\n\t\t\t<a href=\"https:\/\/www.jender.es\/pt-pt\/blog\/compressores-de-ar\/compressor-de-parafuso-o-que-e-como-funciona-e-quando-e-a-sua-melhor-opcao\/\" >\n\t\t\t\tCompressor de parafuso: o que \u00e9, como funciona e quando \u00e9 a sua melhor op\u00e7\u00e3o\t\t\t<\/a>\n\t\t<\/h2>\n\t\t\n\t\t<a class=\"elementor-post__read-more\" href=\"https:\/\/www.jender.es\/pt-pt\/blog\/compressores-de-ar\/compressor-de-parafuso-o-que-e-como-funciona-e-quando-e-a-sua-melhor-opcao\/\" aria-label=\"Read more about Compressor de parafuso: o que \u00e9, como funciona e quando \u00e9 a sua melhor op\u00e7\u00e3o\" tabindex=\"-1\" >\n\t\t\tLer mais \u00bb\t\t<\/a>\n\n\t\t\t\t<\/div>\n\t\t\t\t\t<\/div>\n\t\t<\/article>\n\t\t\t\t<article class=\"elementor-post elementor-grid-item post-6998 post type-post status-publish format-standard has-post-thumbnail hentry category-compressores-de-ar\" role=\"listitem\">\n\t\t\t<div class=\"elementor-post__card\">\n\t\t\t\t<a class=\"elementor-post__thumbnail__link\" href=\"https:\/\/www.jender.es\/pt-pt\/blog\/compressores-de-ar\/sao-os-compressores-de-parafuso-e-de-pistao-iguais-em-que-e-que-se-diferenciam-explicamos-lhe\/\" tabindex=\"-1\" ><div class=\"elementor-post__thumbnail\"><img loading=\"lazy\" decoding=\"async\" width=\"1600\" height=\"1600\" src=\"https:\/\/www.jender.es\/wp-content\/uploads\/2026\/04\/COMPRESOR-DE-PISTON-1.jpeg\" class=\"attachment-full size-full wp-image-6953\" alt=\"compressor de pist\u00e3o\" srcset=\"https:\/\/www.jender.es\/wp-content\/uploads\/2026\/04\/COMPRESOR-DE-PISTON-1.jpeg 1600w, https:\/\/www.jender.es\/wp-content\/uploads\/2026\/04\/COMPRESOR-DE-PISTON-1-300x300.jpeg 300w, https:\/\/www.jender.es\/wp-content\/uploads\/2026\/04\/COMPRESOR-DE-PISTON-1-1024x1024.jpeg 1024w, https:\/\/www.jender.es\/wp-content\/uploads\/2026\/04\/COMPRESOR-DE-PISTON-1-150x150.jpeg 150w, https:\/\/www.jender.es\/wp-content\/uploads\/2026\/04\/COMPRESOR-DE-PISTON-1-768x768.jpeg 768w, https:\/\/www.jender.es\/wp-content\/uploads\/2026\/04\/COMPRESOR-DE-PISTON-1-1536x1536.jpeg 1536w, https:\/\/www.jender.es\/wp-content\/uploads\/2026\/04\/COMPRESOR-DE-PISTON-1-600x600.jpeg 600w, https:\/\/www.jender.es\/wp-content\/uploads\/2026\/04\/COMPRESOR-DE-PISTON-1-100x100.jpeg 100w, https:\/\/www.jender.es\/wp-content\/uploads\/2026\/04\/COMPRESOR-DE-PISTON-1-64x64.jpeg 64w\" sizes=\"(max-width: 1600px) 100vw, 1600px\" \/><\/div><\/a>\n\t\t\t\t<div class=\"elementor-post__text\">\n\t\t\t\t<h2 class=\"elementor-post__title\">\n\t\t\t<a href=\"https:\/\/www.jender.es\/pt-pt\/blog\/compressores-de-ar\/sao-os-compressores-de-parafuso-e-de-pistao-iguais-em-que-e-que-se-diferenciam-explicamos-lhe\/\" >\n\t\t\t\tS\u00e3o os compressores de parafuso e de pist\u00e3o iguais? Em que \u00e9 que se diferenciam? Explicamos-lhe.\t\t\t<\/a>\n\t\t<\/h2>\n\t\t\n\t\t<a class=\"elementor-post__read-more\" href=\"https:\/\/www.jender.es\/pt-pt\/blog\/compressores-de-ar\/sao-os-compressores-de-parafuso-e-de-pistao-iguais-em-que-e-que-se-diferenciam-explicamos-lhe\/\" aria-label=\"Read more about S\u00e3o os compressores de parafuso e de pist\u00e3o iguais? Em que \u00e9 que se diferenciam? Explicamos-lhe.\" tabindex=\"-1\" >\n\t\t\tLer mais \u00bb\t\t<\/a>\n\n\t\t\t\t<\/div>\n\t\t\t\t\t<\/div>\n\t\t<\/article>\n\t\t\t\t<article class=\"elementor-post elementor-grid-item post-7012 post type-post status-publish format-standard has-post-thumbnail hentry category-ar-comprimido\" role=\"listitem\">\n\t\t\t<div class=\"elementor-post__card\">\n\t\t\t\t<a class=\"elementor-post__thumbnail__link\" href=\"https:\/\/www.jender.es\/pt-pt\/blog\/ar-comprimido\/como-detetar-fugas-de-ar-comprimido-e-reduzir-o-desperdicio-de-energia\/\" tabindex=\"-1\" ><div class=\"elementor-post__thumbnail\"><img loading=\"lazy\" decoding=\"async\" width=\"1024\" height=\"1024\" src=\"https:\/\/www.jender.es\/wp-content\/uploads\/2026\/04\/detectar-y-reparar-fugas-de-aire-comprimido.webp\" class=\"attachment-full size-full wp-image-7013\" alt=\"detetar e reparar fugas\" srcset=\"https:\/\/www.jender.es\/wp-content\/uploads\/2026\/04\/detectar-y-reparar-fugas-de-aire-comprimido.webp 1024w, https:\/\/www.jender.es\/wp-content\/uploads\/2026\/04\/detectar-y-reparar-fugas-de-aire-comprimido-300x300.webp 300w, https:\/\/www.jender.es\/wp-content\/uploads\/2026\/04\/detectar-y-reparar-fugas-de-aire-comprimido-150x150.webp 150w, https:\/\/www.jender.es\/wp-content\/uploads\/2026\/04\/detectar-y-reparar-fugas-de-aire-comprimido-768x768.webp 768w, https:\/\/www.jender.es\/wp-content\/uploads\/2026\/04\/detectar-y-reparar-fugas-de-aire-comprimido-600x600.webp 600w, https:\/\/www.jender.es\/wp-content\/uploads\/2026\/04\/detectar-y-reparar-fugas-de-aire-comprimido-100x100.webp 100w, https:\/\/www.jender.es\/wp-content\/uploads\/2026\/04\/detectar-y-reparar-fugas-de-aire-comprimido-64x64.webp 64w\" sizes=\"(max-width: 1024px) 100vw, 1024px\" \/><\/div><\/a>\n\t\t\t\t<div class=\"elementor-post__text\">\n\t\t\t\t<h2 class=\"elementor-post__title\">\n\t\t\t<a href=\"https:\/\/www.jender.es\/pt-pt\/blog\/ar-comprimido\/como-detetar-fugas-de-ar-comprimido-e-reduzir-o-desperdicio-de-energia\/\" >\n\t\t\t\tComo detetar fugas de ar comprimido e reduzir o desperd\u00edcio de energia\t\t\t<\/a>\n\t\t<\/h2>\n\t\t\n\t\t<a class=\"elementor-post__read-more\" href=\"https:\/\/www.jender.es\/pt-pt\/blog\/ar-comprimido\/como-detetar-fugas-de-ar-comprimido-e-reduzir-o-desperdicio-de-energia\/\" aria-label=\"Read more about Como detetar fugas de ar comprimido e reduzir o desperd\u00edcio de energia\" tabindex=\"-1\" >\n\t\t\tLer mais \u00bb\t\t<\/a>\n\n\t\t\t\t<\/div>\n\t\t\t\t\t<\/div>\n\t\t<\/article>\n\t\t\t\t<article class=\"elementor-post elementor-grid-item post-7015 post type-post status-publish format-standard has-post-thumbnail hentry category-ar-comprimido\" role=\"listitem\">\n\t\t\t<div class=\"elementor-post__card\">\n\t\t\t\t<a class=\"elementor-post__thumbnail__link\" href=\"https:\/\/www.jender.es\/pt-pt\/blog\/ar-comprimido\/purgador-de-ar-comprimido-tudo-o-que-precisa-de-saber\/\" tabindex=\"-1\" ><div class=\"elementor-post__thumbnail\"><img loading=\"lazy\" decoding=\"async\" width=\"420\" height=\"499\" src=\"https:\/\/www.jender.es\/wp-content\/uploads\/2026\/04\/purgas-jender-tratamiento-aire-removebg-preview.png\" class=\"attachment-full size-full wp-image-7016\" alt=\"\" srcset=\"https:\/\/www.jender.es\/wp-content\/uploads\/2026\/04\/purgas-jender-tratamiento-aire-removebg-preview.png 420w, https:\/\/www.jender.es\/wp-content\/uploads\/2026\/04\/purgas-jender-tratamiento-aire-removebg-preview-64x76.png 64w, https:\/\/www.jender.es\/wp-content\/uploads\/2026\/04\/purgas-jender-tratamiento-aire-removebg-preview-253x300.png 253w\" sizes=\"(max-width: 420px) 100vw, 420px\" \/><\/div><\/a>\n\t\t\t\t<div class=\"elementor-post__text\">\n\t\t\t\t<h2 class=\"elementor-post__title\">\n\t\t\t<a href=\"https:\/\/www.jender.es\/pt-pt\/blog\/ar-comprimido\/purgador-de-ar-comprimido-tudo-o-que-precisa-de-saber\/\" >\n\t\t\t\tPurgador de ar comprimido: tudo o que precisa de saber\t\t\t<\/a>\n\t\t<\/h2>\n\t\t\n\t\t<a class=\"elementor-post__read-more\" href=\"https:\/\/www.jender.es\/pt-pt\/blog\/ar-comprimido\/purgador-de-ar-comprimido-tudo-o-que-precisa-de-saber\/\" aria-label=\"Read more about Purgador de ar comprimido: tudo o que precisa de saber\" tabindex=\"-1\" >\n\t\t\tLer mais \u00bb\t\t<\/a>\n\n\t\t\t\t<\/div>\n\t\t\t\t\t<\/div>\n\t\t<\/article>\n\t\t\t\t<article class=\"elementor-post elementor-grid-item post-6934 post type-post status-publish format-standard has-post-thumbnail hentry category-compressores-de-ar\" role=\"listitem\">\n\t\t\t<div class=\"elementor-post__card\">\n\t\t\t\t<a class=\"elementor-post__thumbnail__link\" href=\"https:\/\/www.jender.es\/pt-pt\/blog\/compressores-de-ar\/tipos-de-filtro-para-compressores\/\" tabindex=\"-1\" ><div class=\"elementor-post__thumbnail\"><img loading=\"lazy\" decoding=\"async\" width=\"650\" height=\"452\" src=\"https:\/\/www.jender.es\/wp-content\/uploads\/2026\/04\/Jender_Imagen_Blog_Industria_info.jpg\" class=\"attachment-full size-full wp-image-6935\" alt=\"tipos de filtro para compressores\" srcset=\"https:\/\/www.jender.es\/wp-content\/uploads\/2026\/04\/Jender_Imagen_Blog_Industria_info.jpg 650w, https:\/\/www.jender.es\/wp-content\/uploads\/2026\/04\/Jender_Imagen_Blog_Industria_info-300x209.jpg 300w, https:\/\/www.jender.es\/wp-content\/uploads\/2026\/04\/Jender_Imagen_Blog_Industria_info-600x417.jpg 600w, https:\/\/www.jender.es\/wp-content\/uploads\/2026\/04\/Jender_Imagen_Blog_Industria_info-64x45.jpg 64w\" sizes=\"(max-width: 650px) 100vw, 650px\" \/><\/div><\/a>\n\t\t\t\t<div class=\"elementor-post__text\">\n\t\t\t\t<h2 class=\"elementor-post__title\">\n\t\t\t<a href=\"https:\/\/www.jender.es\/pt-pt\/blog\/compressores-de-ar\/tipos-de-filtro-para-compressores\/\" >\n\t\t\t\tTipos de Filtro para Compressores\t\t\t<\/a>\n\t\t<\/h2>\n\t\t\n\t\t<a class=\"elementor-post__read-more\" href=\"https:\/\/www.jender.es\/pt-pt\/blog\/compressores-de-ar\/tipos-de-filtro-para-compressores\/\" aria-label=\"Read more about Tipos de Filtro para Compressores\" tabindex=\"-1\" >\n\t\t\tLer mais \u00bb\t\t<\/a>\n\n\t\t\t\t<\/div>\n\t\t\t\t\t<\/div>\n\t\t<\/article>\n\t\t\t\t<article class=\"elementor-post elementor-grid-item post-6952 post type-post status-publish format-standard has-post-thumbnail hentry category-compressores-de-ar\" role=\"listitem\">\n\t\t\t<div class=\"elementor-post__card\">\n\t\t\t\t<a class=\"elementor-post__thumbnail__link\" href=\"https:\/\/www.jender.es\/pt-pt\/blog\/compressores-de-ar\/compressores-de-pistao-o-que-sao-e-como-funcionam\/\" tabindex=\"-1\" ><div class=\"elementor-post__thumbnail\"><img loading=\"lazy\" decoding=\"async\" width=\"1600\" height=\"1600\" src=\"https:\/\/www.jender.es\/wp-content\/uploads\/2026\/04\/COMPRESOR-DE-PISTON-1.jpeg\" class=\"attachment-full size-full wp-image-6953\" alt=\"compressor de pist\u00e3o\" srcset=\"https:\/\/www.jender.es\/wp-content\/uploads\/2026\/04\/COMPRESOR-DE-PISTON-1.jpeg 1600w, https:\/\/www.jender.es\/wp-content\/uploads\/2026\/04\/COMPRESOR-DE-PISTON-1-300x300.jpeg 300w, https:\/\/www.jender.es\/wp-content\/uploads\/2026\/04\/COMPRESOR-DE-PISTON-1-1024x1024.jpeg 1024w, https:\/\/www.jender.es\/wp-content\/uploads\/2026\/04\/COMPRESOR-DE-PISTON-1-150x150.jpeg 150w, https:\/\/www.jender.es\/wp-content\/uploads\/2026\/04\/COMPRESOR-DE-PISTON-1-768x768.jpeg 768w, https:\/\/www.jender.es\/wp-content\/uploads\/2026\/04\/COMPRESOR-DE-PISTON-1-1536x1536.jpeg 1536w, https:\/\/www.jender.es\/wp-content\/uploads\/2026\/04\/COMPRESOR-DE-PISTON-1-600x600.jpeg 600w, https:\/\/www.jender.es\/wp-content\/uploads\/2026\/04\/COMPRESOR-DE-PISTON-1-100x100.jpeg 100w, https:\/\/www.jender.es\/wp-content\/uploads\/2026\/04\/COMPRESOR-DE-PISTON-1-64x64.jpeg 64w\" sizes=\"(max-width: 1600px) 100vw, 1600px\" \/><\/div><\/a>\n\t\t\t\t<div class=\"elementor-post__text\">\n\t\t\t\t<h2 class=\"elementor-post__title\">\n\t\t\t<a href=\"https:\/\/www.jender.es\/pt-pt\/blog\/compressores-de-ar\/compressores-de-pistao-o-que-sao-e-como-funcionam\/\" >\n\t\t\t\tCompressores de pist\u00e3o: o que s\u00e3o e como funcionam?\t\t\t<\/a>\n\t\t<\/h2>\n\t\t\n\t\t<a class=\"elementor-post__read-more\" href=\"https:\/\/www.jender.es\/pt-pt\/blog\/compressores-de-ar\/compressores-de-pistao-o-que-sao-e-como-funcionam\/\" aria-label=\"Read more about Compressores de pist\u00e3o: o que s\u00e3o e como funcionam?\" tabindex=\"-1\" >\n\t\t\tLer mais \u00bb\t\t<\/a>\n\n\t\t\t\t<\/div>\n\t\t\t\t\t<\/div>\n\t\t<\/article>\n\t\t\t\t<article class=\"elementor-post elementor-grid-item post-6943 post type-post status-publish format-standard has-post-thumbnail hentry category-ar-comprimido\" role=\"listitem\">\n\t\t\t<div class=\"elementor-post__card\">\n\t\t\t\t<a class=\"elementor-post__thumbnail__link\" href=\"https:\/\/www.jender.es\/pt-pt\/blog\/ar-comprimido\/tudo-sobre-as-purgas-de-ar-comprimido\/\" tabindex=\"-1\" ><div class=\"elementor-post__thumbnail\"><img loading=\"lazy\" decoding=\"async\" width=\"500\" height=\"622\" src=\"https:\/\/www.jender.es\/wp-content\/uploads\/2026\/04\/post_jender_sistamas_purga.jpg\" class=\"attachment-full size-full wp-image-6947\" alt=\"purgas de ar comprimido|sistema de purgas\" srcset=\"https:\/\/www.jender.es\/wp-content\/uploads\/2026\/04\/post_jender_sistamas_purga.jpg 500w, https:\/\/www.jender.es\/wp-content\/uploads\/2026\/04\/post_jender_sistamas_purga-241x300.jpg 241w, https:\/\/www.jender.es\/wp-content\/uploads\/2026\/04\/post_jender_sistamas_purga-64x80.jpg 64w\" sizes=\"(max-width: 500px) 100vw, 500px\" \/><\/div><\/a>\n\t\t\t\t<div class=\"elementor-post__text\">\n\t\t\t\t<h2 class=\"elementor-post__title\">\n\t\t\t<a href=\"https:\/\/www.jender.es\/pt-pt\/blog\/ar-comprimido\/tudo-sobre-as-purgas-de-ar-comprimido\/\" >\n\t\t\t\tTudo sobre as purgas de ar comprimido\t\t\t<\/a>\n\t\t<\/h2>\n\t\t\n\t\t<a class=\"elementor-post__read-more\" href=\"https:\/\/www.jender.es\/pt-pt\/blog\/ar-comprimido\/tudo-sobre-as-purgas-de-ar-comprimido\/\" aria-label=\"Read more about Tudo sobre as purgas de ar comprimido\" tabindex=\"-1\" >\n\t\t\tLer mais \u00bb\t\t<\/a>\n\n\t\t\t\t<\/div>\n\t\t\t\t\t<\/div>\n\t\t<\/article>\n\t\t\t\t<article class=\"elementor-post elementor-grid-item post-7046 post type-post status-publish format-standard has-post-thumbnail hentry category-ar-comprimido\" role=\"listitem\">\n\t\t\t<div class=\"elementor-post__card\">\n\t\t\t\t<a class=\"elementor-post__thumbnail__link\" href=\"https:\/\/www.jender.es\/pt-pt\/blog\/ar-comprimido\/que-tipo-de-separador-de-ar-preciso\/\" tabindex=\"-1\" ><div class=\"elementor-post__thumbnail\"><img loading=\"lazy\" decoding=\"async\" width=\"736\" height=\"336\" src=\"https:\/\/www.jender.es\/wp-content\/uploads\/2026\/04\/SEPARADOR-DE-AIRE.jpg\" class=\"attachment-full size-full wp-image-7047\" alt=\"\" srcset=\"https:\/\/www.jender.es\/wp-content\/uploads\/2026\/04\/SEPARADOR-DE-AIRE.jpg 736w, https:\/\/www.jender.es\/wp-content\/uploads\/2026\/04\/SEPARADOR-DE-AIRE-300x137.jpg 300w, https:\/\/www.jender.es\/wp-content\/uploads\/2026\/04\/SEPARADOR-DE-AIRE-600x274.jpg 600w, https:\/\/www.jender.es\/wp-content\/uploads\/2026\/04\/SEPARADOR-DE-AIRE-64x29.jpg 64w\" sizes=\"(max-width: 736px) 100vw, 736px\" \/><\/div><\/a>\n\t\t\t\t<div class=\"elementor-post__text\">\n\t\t\t\t<h2 class=\"elementor-post__title\">\n\t\t\t<a href=\"https:\/\/www.jender.es\/pt-pt\/blog\/ar-comprimido\/que-tipo-de-separador-de-ar-preciso\/\" >\n\t\t\t\tQue tipo de Separador de Ar preciso?\t\t\t<\/a>\n\t\t<\/h2>\n\t\t\n\t\t<a class=\"elementor-post__read-more\" href=\"https:\/\/www.jender.es\/pt-pt\/blog\/ar-comprimido\/que-tipo-de-separador-de-ar-preciso\/\" aria-label=\"Read more about Que tipo de Separador de Ar preciso?\" tabindex=\"-1\" >\n\t\t\tLer mais \u00bb\t\t<\/a>\n\n\t\t\t\t<\/div>\n\t\t\t\t\t<\/div>\n\t\t<\/article>\n\t\t\t\t<article class=\"elementor-post elementor-grid-item post-7036 post type-post status-publish format-standard has-post-thumbnail hentry category-ar-comprimido\" role=\"listitem\">\n\t\t\t<div class=\"elementor-post__card\">\n\t\t\t\t<a class=\"elementor-post__thumbnail__link\" href=\"https:\/\/www.jender.es\/pt-pt\/blog\/ar-comprimido\/o-que-sao-os-reservatorios-de-ar-comprimido\/\" tabindex=\"-1\" ><div class=\"elementor-post__thumbnail\"><img loading=\"lazy\" decoding=\"async\" width=\"800\" height=\"800\" src=\"https:\/\/www.jender.es\/wp-content\/uploads\/2026\/04\/ACCESORIOS-DE-CALDERINES.jpg\" class=\"attachment-full size-full wp-image-7037\" alt=\"\" srcset=\"https:\/\/www.jender.es\/wp-content\/uploads\/2026\/04\/ACCESORIOS-DE-CALDERINES.jpg 800w, https:\/\/www.jender.es\/wp-content\/uploads\/2026\/04\/ACCESORIOS-DE-CALDERINES-300x300.jpg 300w, https:\/\/www.jender.es\/wp-content\/uploads\/2026\/04\/ACCESORIOS-DE-CALDERINES-150x150.jpg 150w, https:\/\/www.jender.es\/wp-content\/uploads\/2026\/04\/ACCESORIOS-DE-CALDERINES-768x768.jpg 768w, https:\/\/www.jender.es\/wp-content\/uploads\/2026\/04\/ACCESORIOS-DE-CALDERINES-600x600.jpg 600w, https:\/\/www.jender.es\/wp-content\/uploads\/2026\/04\/ACCESORIOS-DE-CALDERINES-100x100.jpg 100w, https:\/\/www.jender.es\/wp-content\/uploads\/2026\/04\/ACCESORIOS-DE-CALDERINES-64x64.jpg 64w\" sizes=\"(max-width: 800px) 100vw, 800px\" \/><\/div><\/a>\n\t\t\t\t<div class=\"elementor-post__text\">\n\t\t\t\t<h2 class=\"elementor-post__title\">\n\t\t\t<a href=\"https:\/\/www.jender.es\/pt-pt\/blog\/ar-comprimido\/o-que-sao-os-reservatorios-de-ar-comprimido\/\" >\n\t\t\t\tO que s\u00e3o os reservat\u00f3rios de ar comprimido?\t\t\t<\/a>\n\t\t<\/h2>\n\t\t\n\t\t<a class=\"elementor-post__read-more\" href=\"https:\/\/www.jender.es\/pt-pt\/blog\/ar-comprimido\/o-que-sao-os-reservatorios-de-ar-comprimido\/\" aria-label=\"Read more about O que s\u00e3o os reservat\u00f3rios de ar comprimido?\" tabindex=\"-1\" >\n\t\t\tLer mais \u00bb\t\t<\/a>\n\n\t\t\t\t<\/div>\n\t\t\t\t\t<\/div>\n\t\t<\/article>\n\t\t\t\t<article class=\"elementor-post elementor-grid-item post-7060 post type-post status-publish format-standard has-post-thumbnail hentry category-compressores-de-ar\" role=\"listitem\">\n\t\t\t<div class=\"elementor-post__card\">\n\t\t\t\t<a class=\"elementor-post__thumbnail__link\" href=\"https:\/\/www.jender.es\/pt-pt\/blog\/compressores-de-ar\/as-10-avarias-mais-comuns-nos-compressores-e-a-solucao\/\" tabindex=\"-1\" ><div class=\"elementor-post__thumbnail\"><img loading=\"lazy\" decoding=\"async\" width=\"966\" height=\"602\" src=\"https:\/\/www.jender.es\/wp-content\/uploads\/2026\/04\/Blog_1_.jpg\" class=\"attachment-full size-full wp-image-7061\" alt=\"compressores de ar de parafuso\" srcset=\"https:\/\/www.jender.es\/wp-content\/uploads\/2026\/04\/Blog_1_.jpg 966w, https:\/\/www.jender.es\/wp-content\/uploads\/2026\/04\/Blog_1_-600x374.jpg 600w, https:\/\/www.jender.es\/wp-content\/uploads\/2026\/04\/Blog_1_-64x40.jpg 64w, https:\/\/www.jender.es\/wp-content\/uploads\/2026\/04\/Blog_1_-300x187.jpg 300w, https:\/\/www.jender.es\/wp-content\/uploads\/2026\/04\/Blog_1_-768x479.jpg 768w\" sizes=\"(max-width: 966px) 100vw, 966px\" \/><\/div><\/a>\n\t\t\t\t<div class=\"elementor-post__text\">\n\t\t\t\t<h2 class=\"elementor-post__title\">\n\t\t\t<a href=\"https:\/\/www.jender.es\/pt-pt\/blog\/compressores-de-ar\/as-10-avarias-mais-comuns-nos-compressores-e-a-solucao\/\" >\n\t\t\t\tAs 10 avarias mais comuns nos compressores e a solu\u00e7\u00e3o\t\t\t<\/a>\n\t\t<\/h2>\n\t\t\n\t\t<a class=\"elementor-post__read-more\" href=\"https:\/\/www.jender.es\/pt-pt\/blog\/compressores-de-ar\/as-10-avarias-mais-comuns-nos-compressores-e-a-solucao\/\" aria-label=\"Read more about As 10 avarias mais comuns nos compressores e a solu\u00e7\u00e3o\" tabindex=\"-1\" >\n\t\t\tLer mais \u00bb\t\t<\/a>\n\n\t\t\t\t<\/div>\n\t\t\t\t\t<\/div>\n\t\t<\/article>\n\t\t\t\t<article class=\"elementor-post elementor-grid-item post-7054 post type-post status-publish format-standard has-post-thumbnail hentry category-compressores-de-ar\" role=\"listitem\">\n\t\t\t<div class=\"elementor-post__card\">\n\t\t\t\t<a class=\"elementor-post__thumbnail__link\" href=\"https:\/\/www.jender.es\/pt-pt\/blog\/compressores-de-ar\/como-conseguir-uma-poupanca-de-energia-na-utilizacao-de-compressores\/\" tabindex=\"-1\" ><div class=\"elementor-post__thumbnail\"><img loading=\"lazy\" decoding=\"async\" width=\"966\" height=\"602\" src=\"https:\/\/www.jender.es\/wp-content\/uploads\/2026\/04\/Blog_3_ahorro_energiac.jpg\" class=\"attachment-full size-full wp-image-7055\" alt=\"Tubos para otimizar o sistema de ar comprimido\" srcset=\"https:\/\/www.jender.es\/wp-content\/uploads\/2026\/04\/Blog_3_ahorro_energiac.jpg 966w, https:\/\/www.jender.es\/wp-content\/uploads\/2026\/04\/Blog_3_ahorro_energiac-300x187.jpg 300w, https:\/\/www.jender.es\/wp-content\/uploads\/2026\/04\/Blog_3_ahorro_energiac-768x479.jpg 768w, https:\/\/www.jender.es\/wp-content\/uploads\/2026\/04\/Blog_3_ahorro_energiac-600x374.jpg 600w, https:\/\/www.jender.es\/wp-content\/uploads\/2026\/04\/Blog_3_ahorro_energiac-64x40.jpg 64w\" sizes=\"(max-width: 966px) 100vw, 966px\" \/><\/div><\/a>\n\t\t\t\t<div class=\"elementor-post__text\">\n\t\t\t\t<h2 class=\"elementor-post__title\">\n\t\t\t<a href=\"https:\/\/www.jender.es\/pt-pt\/blog\/compressores-de-ar\/como-conseguir-uma-poupanca-de-energia-na-utilizacao-de-compressores\/\" >\n\t\t\t\tComo conseguir uma poupan\u00e7a de energia na utiliza\u00e7\u00e3o de compressores.\t\t\t<\/a>\n\t\t<\/h2>\n\t\t\n\t\t<a class=\"elementor-post__read-more\" href=\"https:\/\/www.jender.es\/pt-pt\/blog\/compressores-de-ar\/como-conseguir-uma-poupanca-de-energia-na-utilizacao-de-compressores\/\" aria-label=\"Read more about Como conseguir uma poupan\u00e7a de energia na utiliza\u00e7\u00e3o de compressores.\" tabindex=\"-1\" >\n\t\t\tLer mais \u00bb\t\t<\/a>\n\n\t\t\t\t<\/div>\n\t\t\t\t\t<\/div>\n\t\t<\/article>\n\t\t\t\t<\/div>\n\t\t\n\t\t\t\t\t\t<\/div>\n\t\t\t\t<\/div>\n\t\t\t\t<\/div>\n\t\t\t\t\t<\/div>\n\t\t\t\t<\/div>\n\t\t\t\t<\/div>\n\t\t","protected":false},"excerpt":{"rendered":"<p>Um blogue para profissionais<\/p>\n","protected":false},"author":1,"featured_media":0,"parent":0,"menu_order":0,"comment_status":"closed","ping_status":"closed","template":"elementor_header_footer","meta":{"_acf_changed":false,"site-sidebar-layout":"no-sidebar","site-content-layout":"","ast-site-content-layout":"full-width-container","site-content-style":"default","site-sidebar-style":"default","ast-global-header-display":"","ast-banner-title-visibility":"","ast-main-header-display":"","ast-hfb-above-header-display":"","ast-hfb-below-header-display":"","ast-hfb-mobile-header-display":"","site-post-title":"","ast-breadcrumbs-content":"","ast-featured-img":"disabled","footer-sml-layout":"","ast-disable-related-posts":"","theme-transparent-header-meta":"","adv-header-id-meta":"","stick-header-meta":"","header-above-stick-meta":"","header-main-stick-meta":"","header-below-stick-meta":"","astra-migrate-meta-layouts":"default","ast-page-background-enabled":"default","ast-page-background-meta":{"desktop":{"background-color":"var(--ast-global-color-5)","background-image":"","background-repeat":"repeat","background-position":"center center","background-size":"auto","background-attachment":"scroll","background-type":"","background-media":"","overlay-type":"","overlay-color":"","overlay-opacity":"","overlay-gradient":""},"tablet":{"background-color":"","background-image":"","background-repeat":"repeat","background-position":"center center","background-size":"auto","background-attachment":"scroll","background-type":"","background-media":"","overlay-type":"","overlay-color":"","overlay-opacity":"","overlay-gradient":""},"mobile":{"background-color":"","background-image":"","background-repeat":"repeat","background-position":"center center","background-size":"auto","background-attachment":"scroll","background-type":"","background-media":"","overlay-type":"","overlay-color":"","overlay-opacity":"","overlay-gradient":""}},"ast-content-background-meta":{"desktop":{"background-color":"var(--ast-global-color-4)","background-image":"","background-repeat":"repeat","background-position":"center center","background-size":"auto","background-attachment":"scroll","background-type":"","background-media":"","overlay-type":"","overlay-color":"","overlay-opacity":"","overlay-gradient":""},"tablet":{"background-color":"var(--ast-global-color-4)","background-image":"","background-repeat":"repeat","background-position":"center center","background-size":"auto","background-attachment":"scroll","background-type":"","background-media":"","overlay-type":"","overlay-color":"","overlay-opacity":"","overlay-gradient":""},"mobile":{"background-color":"var(--ast-global-color-4)","background-image":"","background-repeat":"repeat","background-position":"center center","background-size":"auto","background-attachment":"scroll","background-type":"","background-media":"","overlay-type":"","overlay-color":"","overlay-opacity":"","overlay-gradient":""}},"footnotes":""},"class_list":["post-6877","page","type-page","status-publish","hentry"],"acf":[],"_links":{"self":[{"href":"https:\/\/www.jender.es\/pt-pt\/wp-json\/wp\/v2\/pages\/6877","targetHints":{"allow":["GET"]}}],"collection":[{"href":"https:\/\/www.jender.es\/pt-pt\/wp-json\/wp\/v2\/pages"}],"about":[{"href":"https:\/\/www.jender.es\/pt-pt\/wp-json\/wp\/v2\/types\/page"}],"author":[{"embeddable":true,"href":"https:\/\/www.jender.es\/pt-pt\/wp-json\/wp\/v2\/users\/1"}],"replies":[{"embeddable":true,"href":"https:\/\/www.jender.es\/pt-pt\/wp-json\/wp\/v2\/comments?post=6877"}],"version-history":[{"count":1,"href":"https:\/\/www.jender.es\/pt-pt\/wp-json\/wp\/v2\/pages\/6877\/revisions"}],"predecessor-version":[{"id":6878,"href":"https:\/\/www.jender.es\/pt-pt\/wp-json\/wp\/v2\/pages\/6877\/revisions\/6878"}],"wp:attachment":[{"href":"https:\/\/www.jender.es\/pt-pt\/wp-json\/wp\/v2\/media?parent=6877"}],"curies":[{"name":"wp","href":"https:\/\/api.w.org\/{rel}","templated":true}]}}